{"id":548,"date":"2021-10-28T16:29:13","date_gmt":"2021-10-28T16:29:13","guid":{"rendered":"https:\/\/hotel.site7.eu\/?page_id=548"},"modified":"2026-03-06T14:26:58","modified_gmt":"2026-03-06T14:26:58","slug":"galerie-photos","status":"publish","type":"page","link":"https:\/\/www.hotel-rohan.com\/fr\/galerie-photos\/","title":{"rendered":"Galerie"},"content":{"rendered":"\t\t<div data-elementor-type=\"wp-page\" data-elementor-id=\"548\" class=\"elementor elementor-548\" data-elementor-post-type=\"page\">\n\t\t\t\t\t\t<section data-dce-background-overlay-color=\"#000000\" data-dce-background-image-url=\"https:\/\/www.hotel-rohan.com\/wp-content\/uploads\/galerie\/terrasse-cocktails-entree-hotel-rohan-strasbourg.webp\" class=\"elementor-section elementor-top-section elementor-element elementor-element-4cca3f8 elementor-section-height-min-height elementor-section-boxed elementor-section-height-default elementor-section-items-middle\" data-id=\"4cca3f8\" data-element_type=\"section\" data-e-type=\"section\" data-settings=\"{&quot;background_background&quot;:&quot;classic&quot;}\">\n\t\t\t\t\t\t\t<div class=\" elementor-background-overlay lazyelementorbackgroundimages \"><\/div>\n\t\t\t\t\t\t\t<div class=\"elementor-container elementor-column-gap-default\">\n\t\t\t\t\t<div class=\"elementor-column elementor-col-100 elementor-top-column elementor-element elementor-element-507c45b\" data-id=\"507c45b\" data-element_type=\"column\" data-e-type=\"column\">\n\t\t\t<div class=\"elementor-widget-wrap elementor-element-populated\">\n\t\t\t\t\t\t<div class=\"elementor-element elementor-element-b23af0a elementor-widget elementor-widget-heading\" data-id=\"b23af0a\" data-element_type=\"widget\" data-e-type=\"widget\" data-widget_type=\"heading.default\">\n\t\t\t\t<div class=\"elementor-widget-container\">\n\t\t\t\t\t<span class=\"elementor-heading-title elementor-size-default\">Galerie<\/span>\t\t\t\t<\/div>\n\t\t\t\t<\/div>\n\t\t\t\t\t<\/div>\n\t\t<\/div>\n\t\t\t\t\t<\/div>\n\t\t<\/section>\n\t\t\t\t<section class=\"elementor-section elementor-top-section elementor-element elementor-element-bfd3f7f elementor-section-boxed elementor-section-height-default elementor-section-height-default\" data-id=\"bfd3f7f\" data-element_type=\"section\" data-e-type=\"section\" data-settings=\"{&quot;background_background&quot;:&quot;classic&quot;}\">\n\t\t\t\t\t\t<div class=\"elementor-container elementor-column-gap-default\">\n\t\t\t\t\t<div class=\"elementor-column elementor-col-100 elementor-top-column elementor-element elementor-element-e025e83\" data-id=\"e025e83\" data-element_type=\"column\" data-e-type=\"column\">\n\t\t\t<div class=\"elementor-widget-wrap elementor-element-populated\">\n\t\t\t\t\t\t<div data-dce-title-color=\"#D18A48\" class=\"elementor-element elementor-element-6fafb79 elementor-widget elementor-widget-heading\" data-id=\"6fafb79\" data-element_type=\"widget\" data-e-type=\"widget\" data-widget_type=\"heading.default\">\n\t\t\t\t<div class=\"elementor-widget-container\">\n\t\t\t\t\t<h1 class=\"elementor-heading-title elementor-size-default\">H\u00f4tel Rohan Strasbourg,\nun h\u00f4tel design dans un cadre exceptionnel<\/h1>\t\t\t\t<\/div>\n\t\t\t\t<\/div>\n\t\t\t\t<div class=\"elementor-element elementor-element-51d7482 elementor-widget-divider--view-line elementor-widget elementor-widget-divider\" data-id=\"51d7482\" data-element_type=\"widget\" data-e-type=\"widget\" data-widget_type=\"divider.default\">\n\t\t\t\t<div class=\"elementor-widget-container\">\n\t\t\t\t\t\t\t<div class=\"elementor-divider\">\n\t\t\t<span class=\"elementor-divider-separator\">\n\t\t\t\t\t\t<\/span>\n\t\t<\/div>\n\t\t\t\t\t\t<\/div>\n\t\t\t\t<\/div>\n\t\t\t\t<div class=\"elementor-element elementor-element-5109946 elementor-widget elementor-widget-text-editor\" data-id=\"5109946\" data-element_type=\"widget\" data-e-type=\"widget\" data-widget_type=\"text-editor.default\">\n\t\t\t\t<div class=\"elementor-widget-container\">\n\t\t\t\t\t\t\t\t\t<p>Laissez-vous s\u00e9duire par l&rsquo;\u00e9l\u00e9gance de l&rsquo;H\u00f4tel Rohan Strasbourg. Parcourez notre galerie photos et d\u00e9couvrez nos chambres raffin\u00e9es, notre salon-bar chaleureux, ainsi que nos espaces ext\u00e9rieurs au c\u0153ur de la ville.<\/p>\t\t\t\t\t\t\t\t<\/div>\n\t\t\t\t<\/div>\n\t\t\t\t\t<\/div>\n\t\t<\/div>\n\t\t\t\t\t<\/div>\n\t\t<\/section>\n\t\t\t\t<section class=\"elementor-section elementor-top-section elementor-element elementor-element-1e14a8e elementor-section-boxed elementor-section-height-default elementor-section-height-default\" data-id=\"1e14a8e\" data-element_type=\"section\" data-e-type=\"section\" data-settings=\"{&quot;background_background&quot;:&quot;classic&quot;}\">\n\t\t\t\t\t\t<div class=\"elementor-container elementor-column-gap-default\">\n\t\t\t\t\t<div class=\"elementor-column elementor-col-100 elementor-top-column elementor-element elementor-element-adb2fb9\" data-id=\"adb2fb9\" data-element_type=\"column\" data-e-type=\"column\">\n\t\t\t<div class=\"elementor-widget-wrap elementor-element-populated\">\n\t\t\t\t\t\t<div class=\"elementor-element elementor-element-39e1675 eae-show-all-yes eae-overlay-hover elementor-widget elementor-widget-eae-filterableGallery\" data-id=\"39e1675\" data-element_type=\"widget\" data-e-type=\"widget\" data-widget_type=\"eae-filterableGallery.default\">\n\t\t\t\t<div class=\"elementor-widget-container\">\n\t\t\t\t\t\t\t<div class=\"eae-fg-wrapper masonry-yes\">\n\t\t\t<div class=\"eae-gallery-filter\">\n\t\t\t\t\t\t\t\t\t<a href=\"#\" data-filter=\"*\" data-filter-name=\"all\" class=\"eae-filter-label current\">Toutes<\/a>\n\t\t\t\t\t\t\t\t<a class=\"eae-filter-label\" href=\"#\" data-filter-name=\"chambres\" data-filter=\".chambres\">Chambres<\/a><a class=\"eae-filter-label\" href=\"#\" data-filter-name=\"salon-bar\" data-filter=\".salon-bar\">Salon-bar<\/a><a class=\"eae-filter-label\" href=\"#\" data-filter-name=\"extrieur\" data-filter=\".extrieur\">Ext\u00e9rieur<\/a><a class=\"eae-filter-label\" href=\"#\" data-filter-name=\"petit-djeuner\" data-filter=\".petit-djeuner\">Petit-d\u00e9jeuner<\/a>\t\t\t<\/div>\n\t\t\t<div class=\"eae-fg-image\">\n\t\t\t\t\t\t\t\t\t\t\t<div class=\"eae-gallery-item chambres\">\n\t\t\t\t\t\t\t\t<div class=\"eae-gallery-item-inner\">\n\t\t\t\t\t\t\t\t\t<a href=\"https:\/\/www.hotel-rohan.com\/wp-content\/uploads\/2022\/03\/Chambre-confort-double-Hotel-Rohan.jpg\" data-elementor-open-lightbox=\"yes\" data-elementor-lightbox-slideshow=\"eae-fg-gallery-59585\" data-elementor-lightbox-title=\"H\u00f4tel Rohan Strasbourg - Chambre confort double\" data-e-action-hash=\"#elementor-action%3Aaction%3Dlightbox%26settings%3DeyJpZCI6ODk4NywidXJsIjoiaHR0cHM6XC9cL3d3dy5ob3RlbC1yb2hhbi5jb21cL3dwLWNvbnRlbnRcL3VwbG9hZHNcLzIwMjJcLzAzXC9DaGFtYnJlLWNvbmZvcnQtZG91YmxlLUhvdGVsLVJvaGFuLmpwZyJ9\">\n\t\t\t\t\t\t\t\t\t\t\t\t\t\t\t\t\t\t\t\t\t<img fetchpriority=\"high\" decoding=\"async\" width=\"971\" height=\"583\" src=\"https:\/\/www.hotel-rohan.com\/wp-content\/uploads\/2022\/03\/Chambre-confort-double-Hotel-Rohan.jpg\" class=\"attachment-full size-full\" alt=\"H\u00f4tel Rohan Strasbourg - Chambre confort double\" srcset=\"https:\/\/www.hotel-rohan.com\/wp-content\/uploads\/2022\/03\/Chambre-confort-double-Hotel-Rohan.jpg 971w, https:\/\/www.hotel-rohan.com\/wp-content\/uploads\/2022\/03\/Chambre-confort-double-Hotel-Rohan-300x180.jpg 300w, https:\/\/www.hotel-rohan.com\/wp-content\/uploads\/2022\/03\/Chambre-confort-double-Hotel-Rohan-768x461.jpg 768w\" sizes=\"(max-width: 971px) 100vw, 971px\" \/>\t\t\t\t\t\t\t\t\t\t\t\t\t\t\t\t\t\t\t\t\t\t\t\t\t\t\t\t\t\t\t\t<div class=\"eae-grid-overlay fadeIn\">\n\t\t\t\t\t\t\t\t\t\t\t\t<div class=\"eae-grid-overlay-inner\">\n\t\t\t\t\t\t\t\t\t\t\t\t\t<div class=\"eae-icon-wrapper\">\n\t\t\t\t\t\t\t\t\t\t\t\t\t\t\t\t\t\t\t\t\t\t\t\t\t\t\t<\/div>\n\t\t\t\t\t\t\t\t\t\t\t\t\t\t\t\t\t\t\t\t\t\t\t\t\t<\/div>\n\t\t\t\t\t\t\t\t\t\t<\/div>\n\t\t\t\t\t\t\t\t\t\t\t\t\t\t\t\t\t\t\t<\/a>\n\t\t\t\t\t\t\t\t<\/div>\n\t\t\t\t\t\t\t<\/div>\n\t\t\t\t\t\t\t\t\t\t\t\t\t\t<div class=\"eae-gallery-item chambres\">\n\t\t\t\t\t\t\t\t<div class=\"eae-gallery-item-inner\">\n\t\t\t\t\t\t\t\t\t<a href=\"https:\/\/www.hotel-rohan.com\/wp-content\/uploads\/hotel-rohan-strasbourg-chambres.webp\" data-elementor-open-lightbox=\"yes\" data-elementor-lightbox-slideshow=\"eae-fg-gallery-59585\" data-elementor-lightbox-title=\"H\u00f4tel Rohan Strasbourg 4 \u00e9toiles - H\u00f4tel de charme \u00e0 Strasbourg\" data-e-action-hash=\"#elementor-action%3Aaction%3Dlightbox%26settings%3DeyJpZCI6MTM5MTEsInVybCI6Imh0dHBzOlwvXC93d3cuaG90ZWwtcm9oYW4uY29tXC93cC1jb250ZW50XC91cGxvYWRzXC9ob3RlbC1yb2hhbi1zdHJhc2JvdXJnLWNoYW1icmVzLndlYnAifQ%3D%3D\">\n\t\t\t\t\t\t\t\t\t\t\t\t\t\t\t\t\t\t\t\t\t<img decoding=\"async\" width=\"950\" height=\"633\" src=\"https:\/\/www.hotel-rohan.com\/wp-content\/uploads\/hotel-rohan-strasbourg-chambres.webp\" class=\"attachment-full size-full\" alt=\"H\u00f4tel Rohan Strasbourg 4 \u00e9toiles - H\u00f4tel de charme \u00e0 Strasbourg\" srcset=\"https:\/\/www.hotel-rohan.com\/wp-content\/uploads\/hotel-rohan-strasbourg-chambres.webp 950w, https:\/\/www.hotel-rohan.com\/wp-content\/uploads\/hotel-rohan-strasbourg-chambres-300x200.webp 300w, https:\/\/www.hotel-rohan.com\/wp-content\/uploads\/hotel-rohan-strasbourg-chambres-768x512.webp 768w\" sizes=\"(max-width: 950px) 100vw, 950px\" \/>\t\t\t\t\t\t\t\t\t\t\t\t\t\t\t\t\t\t\t\t\t\t\t\t\t\t\t\t\t\t\t\t<div class=\"eae-grid-overlay fadeIn\">\n\t\t\t\t\t\t\t\t\t\t\t\t<div class=\"eae-grid-overlay-inner\">\n\t\t\t\t\t\t\t\t\t\t\t\t\t<div class=\"eae-icon-wrapper\">\n\t\t\t\t\t\t\t\t\t\t\t\t\t\t\t\t\t\t\t\t\t\t\t\t\t\t\t<\/div>\n\t\t\t\t\t\t\t\t\t\t\t\t\t\t\t\t\t\t\t\t\t\t\t\t\t<\/div>\n\t\t\t\t\t\t\t\t\t\t<\/div>\n\t\t\t\t\t\t\t\t\t\t\t\t\t\t\t\t\t\t\t<\/a>\n\t\t\t\t\t\t\t\t<\/div>\n\t\t\t\t\t\t\t<\/div>\n\t\t\t\t\t\t\t\t\t\t\t\t\t\t<div class=\"eae-gallery-item chambres\">\n\t\t\t\t\t\t\t\t<div class=\"eae-gallery-item-inner\">\n\t\t\t\t\t\t\t\t\t<a href=\"https:\/\/www.hotel-rohan.com\/wp-content\/uploads\/salle-de-bains-rohan.jpg\" data-elementor-open-lightbox=\"yes\" data-elementor-lightbox-slideshow=\"eae-fg-gallery-59585\" data-elementor-lightbox-title=\"salle-de-bains-rohan\" data-e-action-hash=\"#elementor-action%3Aaction%3Dlightbox%26settings%3DeyJpZCI6MTQyNTAsInVybCI6Imh0dHBzOlwvXC93d3cuaG90ZWwtcm9oYW4uY29tXC93cC1jb250ZW50XC91cGxvYWRzXC9zYWxsZS1kZS1iYWlucy1yb2hhbi5qcGcifQ%3D%3D\">\n\t\t\t\t\t\t\t\t\t\t\t\t\t\t\t\t\t\t\t\t\t<img decoding=\"async\" width=\"1200\" height=\"800\" src=\"https:\/\/www.hotel-rohan.com\/wp-content\/uploads\/salle-de-bains-rohan.jpg\" class=\"attachment-full size-full\" alt=\"\" srcset=\"https:\/\/www.hotel-rohan.com\/wp-content\/uploads\/salle-de-bains-rohan.jpg 1200w, https:\/\/www.hotel-rohan.com\/wp-content\/uploads\/salle-de-bains-rohan-300x200.jpg 300w, https:\/\/www.hotel-rohan.com\/wp-content\/uploads\/salle-de-bains-rohan-1024x683.jpg 1024w, https:\/\/www.hotel-rohan.com\/wp-content\/uploads\/salle-de-bains-rohan-768x512.jpg 768w\" sizes=\"(max-width: 1200px) 100vw, 1200px\" \/>\t\t\t\t\t\t\t\t\t\t\t\t\t\t\t\t\t\t\t\t\t\t\t\t\t\t\t\t\t\t\t\t<div class=\"eae-grid-overlay fadeIn\">\n\t\t\t\t\t\t\t\t\t\t\t\t<div class=\"eae-grid-overlay-inner\">\n\t\t\t\t\t\t\t\t\t\t\t\t\t<div class=\"eae-icon-wrapper\">\n\t\t\t\t\t\t\t\t\t\t\t\t\t\t\t\t\t\t\t\t\t\t\t\t\t\t\t<\/div>\n\t\t\t\t\t\t\t\t\t\t\t\t\t\t\t\t\t\t\t\t\t\t\t\t\t<\/div>\n\t\t\t\t\t\t\t\t\t\t<\/div>\n\t\t\t\t\t\t\t\t\t\t\t\t\t\t\t\t\t\t\t<\/a>\n\t\t\t\t\t\t\t\t<\/div>\n\t\t\t\t\t\t\t<\/div>\n\t\t\t\t\t\t\t\t\t\t\t\t\t\t<div class=\"eae-gallery-item chambres\">\n\t\t\t\t\t\t\t\t<div class=\"eae-gallery-item-inner\">\n\t\t\t\t\t\t\t\t\t<a href=\"https:\/\/www.hotel-rohan.com\/wp-content\/uploads\/2022\/03\/Chambre-confort-double-Hotel-Rohan-2.jpg\" data-elementor-open-lightbox=\"yes\" data-elementor-lightbox-slideshow=\"eae-fg-gallery-59585\" data-elementor-lightbox-title=\"H\u00f4tel Rohan Strasbourg - Chambre confort double\" data-e-action-hash=\"#elementor-action%3Aaction%3Dlightbox%26settings%3DeyJpZCI6OTAwMiwidXJsIjoiaHR0cHM6XC9cL3d3dy5ob3RlbC1yb2hhbi5jb21cL3dwLWNvbnRlbnRcL3VwbG9hZHNcLzIwMjJcLzAzXC9DaGFtYnJlLWNvbmZvcnQtZG91YmxlLUhvdGVsLVJvaGFuLTIuanBnIn0%3D\">\n\t\t\t\t\t\t\t\t\t\t\t\t\t\t\t\t\t\t\t\t\t<img loading=\"lazy\" decoding=\"async\" width=\"971\" height=\"583\" src=\"https:\/\/www.hotel-rohan.com\/wp-content\/uploads\/2022\/03\/Chambre-confort-double-Hotel-Rohan-2.jpg\" class=\"attachment-full size-full\" alt=\"H\u00f4tel Rohan Strasbourg - Chambre confort double\" srcset=\"https:\/\/www.hotel-rohan.com\/wp-content\/uploads\/2022\/03\/Chambre-confort-double-Hotel-Rohan-2.jpg 971w, https:\/\/www.hotel-rohan.com\/wp-content\/uploads\/2022\/03\/Chambre-confort-double-Hotel-Rohan-2-300x180.jpg 300w, https:\/\/www.hotel-rohan.com\/wp-content\/uploads\/2022\/03\/Chambre-confort-double-Hotel-Rohan-2-768x461.jpg 768w\" sizes=\"(max-width: 971px) 100vw, 971px\" \/>\t\t\t\t\t\t\t\t\t\t\t\t\t\t\t\t\t\t\t\t\t\t\t\t\t\t\t\t\t\t\t\t<div class=\"eae-grid-overlay fadeIn\">\n\t\t\t\t\t\t\t\t\t\t\t\t<div class=\"eae-grid-overlay-inner\">\n\t\t\t\t\t\t\t\t\t\t\t\t\t<div class=\"eae-icon-wrapper\">\n\t\t\t\t\t\t\t\t\t\t\t\t\t\t\t\t\t\t\t\t\t\t\t\t\t\t\t<\/div>\n\t\t\t\t\t\t\t\t\t\t\t\t\t\t\t\t\t\t\t\t\t\t\t\t\t<\/div>\n\t\t\t\t\t\t\t\t\t\t<\/div>\n\t\t\t\t\t\t\t\t\t\t\t\t\t\t\t\t\t\t\t<\/a>\n\t\t\t\t\t\t\t\t<\/div>\n\t\t\t\t\t\t\t<\/div>\n\t\t\t\t\t\t\t\t\t\t\t\t\t\t<div class=\"eae-gallery-item chambres\">\n\t\t\t\t\t\t\t\t<div class=\"eae-gallery-item-inner\">\n\t\t\t\t\t\t\t\t\t<a href=\"https:\/\/www.hotel-rohan.com\/wp-content\/uploads\/2022\/03\/Salle-de-bain-Suite-Hotel-Rohan-2.jpg\" data-elementor-open-lightbox=\"yes\" data-elementor-lightbox-slideshow=\"eae-fg-gallery-59585\" data-elementor-lightbox-title=\"H\u00f4tel Rohan Strasbourg - La Salle de bain Suite\" data-e-action-hash=\"#elementor-action%3Aaction%3Dlightbox%26settings%3DeyJpZCI6OTAyMCwidXJsIjoiaHR0cHM6XC9cL3d3dy5ob3RlbC1yb2hhbi5jb21cL3dwLWNvbnRlbnRcL3VwbG9hZHNcLzIwMjJcLzAzXC9TYWxsZS1kZS1iYWluLVN1aXRlLUhvdGVsLVJvaGFuLTIuanBnIn0%3D\">\n\t\t\t\t\t\t\t\t\t\t\t\t\t\t\t\t\t\t\t\t\t<img loading=\"lazy\" decoding=\"async\" width=\"561\" height=\"768\" src=\"https:\/\/www.hotel-rohan.com\/wp-content\/uploads\/2022\/03\/Salle-de-bain-Suite-Hotel-Rohan-2.jpg\" class=\"attachment-full size-full\" alt=\"H\u00f4tel Rohan Strasbourg - La Salle de bain Suite\" srcset=\"https:\/\/www.hotel-rohan.com\/wp-content\/uploads\/2022\/03\/Salle-de-bain-Suite-Hotel-Rohan-2.jpg 561w, https:\/\/www.hotel-rohan.com\/wp-content\/uploads\/2022\/03\/Salle-de-bain-Suite-Hotel-Rohan-2-219x300.jpg 219w\" sizes=\"(max-width: 561px) 100vw, 561px\" \/>\t\t\t\t\t\t\t\t\t\t\t\t\t\t\t\t\t\t\t\t\t\t\t\t\t\t\t\t\t\t\t\t<div class=\"eae-grid-overlay fadeIn\">\n\t\t\t\t\t\t\t\t\t\t\t\t<div class=\"eae-grid-overlay-inner\">\n\t\t\t\t\t\t\t\t\t\t\t\t\t<div class=\"eae-icon-wrapper\">\n\t\t\t\t\t\t\t\t\t\t\t\t\t\t\t\t\t\t\t\t\t\t\t\t\t\t\t<\/div>\n\t\t\t\t\t\t\t\t\t\t\t\t\t\t\t\t\t\t\t\t\t\t\t\t\t<\/div>\n\t\t\t\t\t\t\t\t\t\t<\/div>\n\t\t\t\t\t\t\t\t\t\t\t\t\t\t\t\t\t\t\t<\/a>\n\t\t\t\t\t\t\t\t<\/div>\n\t\t\t\t\t\t\t<\/div>\n\t\t\t\t\t\t\t\t\t\t\t\t\t\t<div class=\"eae-gallery-item chambres\">\n\t\t\t\t\t\t\t\t<div class=\"eae-gallery-item-inner\">\n\t\t\t\t\t\t\t\t\t<a href=\"https:\/\/www.hotel-rohan.com\/wp-content\/uploads\/2021\/11\/Chambre-triple-Hotel-Rohan.jpg\" data-elementor-open-lightbox=\"yes\" data-elementor-lightbox-slideshow=\"eae-fg-gallery-59585\" data-elementor-lightbox-title=\"H\u00f4tel Rohan Strasbourg 4 \u00e9toiles - Chambre triple\" data-e-action-hash=\"#elementor-action%3Aaction%3Dlightbox%26settings%3DeyJpZCI6ODc5MCwidXJsIjoiaHR0cHM6XC9cL3d3dy5ob3RlbC1yb2hhbi5jb21cL3dwLWNvbnRlbnRcL3VwbG9hZHNcLzIwMjFcLzExXC9DaGFtYnJlLXRyaXBsZS1Ib3RlbC1Sb2hhbi5qcGcifQ%3D%3D\">\n\t\t\t\t\t\t\t\t\t\t\t\t\t\t\t\t\t\t\t\t\t<img loading=\"lazy\" decoding=\"async\" width=\"1024\" height=\"725\" src=\"https:\/\/www.hotel-rohan.com\/wp-content\/uploads\/2021\/11\/Chambre-triple-Hotel-Rohan.jpg\" class=\"attachment-full size-full\" alt=\"H\u00f4tel Rohan Strasbourg 4 \u00e9toiles - Chambre triple\" srcset=\"https:\/\/www.hotel-rohan.com\/wp-content\/uploads\/2021\/11\/Chambre-triple-Hotel-Rohan.jpg 1024w, https:\/\/www.hotel-rohan.com\/wp-content\/uploads\/2021\/11\/Chambre-triple-Hotel-Rohan-300x212.jpg 300w, https:\/\/www.hotel-rohan.com\/wp-content\/uploads\/2021\/11\/Chambre-triple-Hotel-Rohan-768x544.jpg 768w\" sizes=\"(max-width: 1024px) 100vw, 1024px\" \/>\t\t\t\t\t\t\t\t\t\t\t\t\t\t\t\t\t\t\t\t\t\t\t\t\t\t\t\t\t\t\t\t<div class=\"eae-grid-overlay fadeIn\">\n\t\t\t\t\t\t\t\t\t\t\t\t<div class=\"eae-grid-overlay-inner\">\n\t\t\t\t\t\t\t\t\t\t\t\t\t<div class=\"eae-icon-wrapper\">\n\t\t\t\t\t\t\t\t\t\t\t\t\t\t\t\t\t\t\t\t\t\t\t\t\t\t\t<\/div>\n\t\t\t\t\t\t\t\t\t\t\t\t\t\t\t\t\t\t\t\t\t\t\t\t\t<\/div>\n\t\t\t\t\t\t\t\t\t\t<\/div>\n\t\t\t\t\t\t\t\t\t\t\t\t\t\t\t\t\t\t\t<\/a>\n\t\t\t\t\t\t\t\t<\/div>\n\t\t\t\t\t\t\t<\/div>\n\t\t\t\t\t\t\t\t\t\t\t\t\t\t<div class=\"eae-gallery-item chambres\">\n\t\t\t\t\t\t\t\t<div class=\"eae-gallery-item-inner\">\n\t\t\t\t\t\t\t\t\t<a href=\"https:\/\/www.hotel-rohan.com\/wp-content\/uploads\/2021\/11\/Chambre-triple-Hotel-Rohan-1.webp\" data-elementor-open-lightbox=\"yes\" data-elementor-lightbox-slideshow=\"eae-fg-gallery-59585\" data-elementor-lightbox-title=\"H\u00f4tel Rohan Strasbourg 4 \u00e9toiles - Chambre triple\" data-e-action-hash=\"#elementor-action%3Aaction%3Dlightbox%26settings%3DeyJpZCI6ODc5MywidXJsIjoiaHR0cHM6XC9cL3d3dy5ob3RlbC1yb2hhbi5jb21cL3dwLWNvbnRlbnRcL3VwbG9hZHNcLzIwMjFcLzExXC9DaGFtYnJlLXRyaXBsZS1Ib3RlbC1Sb2hhbi0xLndlYnAifQ%3D%3D\">\n\t\t\t\t\t\t\t\t\t\t\t\t\t\t\t\t\t\t\t\t\t<img loading=\"lazy\" decoding=\"async\" width=\"1400\" height=\"934\" src=\"https:\/\/www.hotel-rohan.com\/wp-content\/uploads\/2021\/11\/Chambre-triple-Hotel-Rohan-1.webp\" class=\"attachment-full size-full\" alt=\"H\u00f4tel Rohan Strasbourg 4 \u00e9toiles - Chambre triple\" srcset=\"https:\/\/www.hotel-rohan.com\/wp-content\/uploads\/2021\/11\/Chambre-triple-Hotel-Rohan-1.webp 1400w, https:\/\/www.hotel-rohan.com\/wp-content\/uploads\/2021\/11\/Chambre-triple-Hotel-Rohan-1-300x200.webp 300w, https:\/\/www.hotel-rohan.com\/wp-content\/uploads\/2021\/11\/Chambre-triple-Hotel-Rohan-1-1024x683.webp 1024w, https:\/\/www.hotel-rohan.com\/wp-content\/uploads\/2021\/11\/Chambre-triple-Hotel-Rohan-1-768x512.webp 768w\" sizes=\"(max-width: 1400px) 100vw, 1400px\" \/>\t\t\t\t\t\t\t\t\t\t\t\t\t\t\t\t\t\t\t\t\t\t\t\t\t\t\t\t\t\t\t\t<div class=\"eae-grid-overlay fadeIn\">\n\t\t\t\t\t\t\t\t\t\t\t\t<div class=\"eae-grid-overlay-inner\">\n\t\t\t\t\t\t\t\t\t\t\t\t\t<div class=\"eae-icon-wrapper\">\n\t\t\t\t\t\t\t\t\t\t\t\t\t\t\t\t\t\t\t\t\t\t\t\t\t\t\t<\/div>\n\t\t\t\t\t\t\t\t\t\t\t\t\t\t\t\t\t\t\t\t\t\t\t\t\t<\/div>\n\t\t\t\t\t\t\t\t\t\t<\/div>\n\t\t\t\t\t\t\t\t\t\t\t\t\t\t\t\t\t\t\t<\/a>\n\t\t\t\t\t\t\t\t<\/div>\n\t\t\t\t\t\t\t<\/div>\n\t\t\t\t\t\t\t\t\t\t\t\t\t\t<div class=\"eae-gallery-item chambres\">\n\t\t\t\t\t\t\t\t<div class=\"eae-gallery-item-inner\">\n\t\t\t\t\t\t\t\t\t<a href=\"https:\/\/www.hotel-rohan.com\/wp-content\/uploads\/2021\/11\/Chambre-Deluxe-Hotel-Rohan.webp\" data-elementor-open-lightbox=\"yes\" data-elementor-lightbox-slideshow=\"eae-fg-gallery-59585\" data-elementor-lightbox-title=\"H\u00f4tel Rohan Strasbourg 4 \u00e9toiles - Chambre Deluxe\" data-e-action-hash=\"#elementor-action%3Aaction%3Dlightbox%26settings%3DeyJpZCI6ODc4MCwidXJsIjoiaHR0cHM6XC9cL3d3dy5ob3RlbC1yb2hhbi5jb21cL3dwLWNvbnRlbnRcL3VwbG9hZHNcLzIwMjFcLzExXC9DaGFtYnJlLURlbHV4ZS1Ib3RlbC1Sb2hhbi53ZWJwIn0%3D\">\n\t\t\t\t\t\t\t\t\t\t\t\t\t\t\t\t\t\t\t\t\t<img loading=\"lazy\" decoding=\"async\" width=\"1024\" height=\"725\" src=\"https:\/\/www.hotel-rohan.com\/wp-content\/uploads\/2021\/11\/Chambre-Deluxe-Hotel-Rohan.webp\" class=\"attachment-full size-full\" alt=\"H\u00f4tel Rohan Strasbourg 4 \u00e9toiles - Chambre Deluxe\" srcset=\"https:\/\/www.hotel-rohan.com\/wp-content\/uploads\/2021\/11\/Chambre-Deluxe-Hotel-Rohan.webp 1024w, https:\/\/www.hotel-rohan.com\/wp-content\/uploads\/2021\/11\/Chambre-Deluxe-Hotel-Rohan-300x212.webp 300w, https:\/\/www.hotel-rohan.com\/wp-content\/uploads\/2021\/11\/Chambre-Deluxe-Hotel-Rohan-768x544.webp 768w\" sizes=\"(max-width: 1024px) 100vw, 1024px\" \/>\t\t\t\t\t\t\t\t\t\t\t\t\t\t\t\t\t\t\t\t\t\t\t\t\t\t\t\t\t\t\t\t<div class=\"eae-grid-overlay fadeIn\">\n\t\t\t\t\t\t\t\t\t\t\t\t<div class=\"eae-grid-overlay-inner\">\n\t\t\t\t\t\t\t\t\t\t\t\t\t<div class=\"eae-icon-wrapper\">\n\t\t\t\t\t\t\t\t\t\t\t\t\t\t\t\t\t\t\t\t\t\t\t\t\t\t\t<\/div>\n\t\t\t\t\t\t\t\t\t\t\t\t\t\t\t\t\t\t\t\t\t\t\t\t\t<\/div>\n\t\t\t\t\t\t\t\t\t\t<\/div>\n\t\t\t\t\t\t\t\t\t\t\t\t\t\t\t\t\t\t\t<\/a>\n\t\t\t\t\t\t\t\t<\/div>\n\t\t\t\t\t\t\t<\/div>\n\t\t\t\t\t\t\t\t\t\t\t\t\t\t<div class=\"eae-gallery-item chambres\">\n\t\t\t\t\t\t\t\t<div class=\"eae-gallery-item-inner\">\n\t\t\t\t\t\t\t\t\t<a href=\"https:\/\/www.hotel-rohan.com\/wp-content\/uploads\/2021\/11\/Chambre-confort-double-Hotel-Rohan.webp\" data-elementor-open-lightbox=\"yes\" data-elementor-lightbox-slideshow=\"eae-fg-gallery-59585\" data-elementor-lightbox-title=\"H\u00f4tel Rohan Strasbourg 4 \u00e9toiles - Chambre Confort double\" data-e-action-hash=\"#elementor-action%3Aaction%3Dlightbox%26settings%3DeyJpZCI6ODc3MiwidXJsIjoiaHR0cHM6XC9cL3d3dy5ob3RlbC1yb2hhbi5jb21cL3dwLWNvbnRlbnRcL3VwbG9hZHNcLzIwMjFcLzExXC9DaGFtYnJlLWNvbmZvcnQtZG91YmxlLUhvdGVsLVJvaGFuLndlYnAifQ%3D%3D\">\n\t\t\t\t\t\t\t\t\t\t\t\t\t\t\t\t\t\t\t\t\t<img loading=\"lazy\" decoding=\"async\" width=\"1024\" height=\"725\" src=\"https:\/\/www.hotel-rohan.com\/wp-content\/uploads\/2021\/11\/Chambre-confort-double-Hotel-Rohan.webp\" class=\"attachment-full size-full\" alt=\"H\u00f4tel Rohan Strasbourg 4 \u00e9toiles - Chambre Confort double\" srcset=\"https:\/\/www.hotel-rohan.com\/wp-content\/uploads\/2021\/11\/Chambre-confort-double-Hotel-Rohan.webp 1024w, https:\/\/www.hotel-rohan.com\/wp-content\/uploads\/2021\/11\/Chambre-confort-double-Hotel-Rohan-300x212.webp 300w, https:\/\/www.hotel-rohan.com\/wp-content\/uploads\/2021\/11\/Chambre-confort-double-Hotel-Rohan-768x544.webp 768w\" sizes=\"(max-width: 1024px) 100vw, 1024px\" \/>\t\t\t\t\t\t\t\t\t\t\t\t\t\t\t\t\t\t\t\t\t\t\t\t\t\t\t\t\t\t\t\t<div class=\"eae-grid-overlay fadeIn\">\n\t\t\t\t\t\t\t\t\t\t\t\t<div class=\"eae-grid-overlay-inner\">\n\t\t\t\t\t\t\t\t\t\t\t\t\t<div class=\"eae-icon-wrapper\">\n\t\t\t\t\t\t\t\t\t\t\t\t\t\t\t\t\t\t\t\t\t\t\t\t\t\t\t<\/div>\n\t\t\t\t\t\t\t\t\t\t\t\t\t\t\t\t\t\t\t\t\t\t\t\t\t<\/div>\n\t\t\t\t\t\t\t\t\t\t<\/div>\n\t\t\t\t\t\t\t\t\t\t\t\t\t\t\t\t\t\t\t<\/a>\n\t\t\t\t\t\t\t\t<\/div>\n\t\t\t\t\t\t\t<\/div>\n\t\t\t\t\t\t\t\t\t\t\t\t\t\t<div class=\"eae-gallery-item chambres\">\n\t\t\t\t\t\t\t\t<div class=\"eae-gallery-item-inner\">\n\t\t\t\t\t\t\t\t\t<a href=\"https:\/\/www.hotel-rohan.com\/wp-content\/uploads\/2021\/11\/Chambre-triple-Hotel-Rohan-2.webp\" data-elementor-open-lightbox=\"yes\" data-elementor-lightbox-slideshow=\"eae-fg-gallery-59585\" data-elementor-lightbox-title=\"H\u00f4tel Rohan Strasbourg 4 \u00e9toiles - Chambre triple\" data-e-action-hash=\"#elementor-action%3Aaction%3Dlightbox%26settings%3DeyJpZCI6ODc5NiwidXJsIjoiaHR0cHM6XC9cL3d3dy5ob3RlbC1yb2hhbi5jb21cL3dwLWNvbnRlbnRcL3VwbG9hZHNcLzIwMjFcLzExXC9DaGFtYnJlLXRyaXBsZS1Ib3RlbC1Sb2hhbi0yLndlYnAifQ%3D%3D\">\n\t\t\t\t\t\t\t\t\t\t\t\t\t\t\t\t\t\t\t\t\t<img loading=\"lazy\" decoding=\"async\" width=\"1387\" height=\"924\" src=\"https:\/\/www.hotel-rohan.com\/wp-content\/uploads\/2021\/11\/Chambre-triple-Hotel-Rohan-2.webp\" class=\"attachment-full size-full\" alt=\"H\u00f4tel Rohan Strasbourg 4 \u00e9toiles - Chambre triple\" srcset=\"https:\/\/www.hotel-rohan.com\/wp-content\/uploads\/2021\/11\/Chambre-triple-Hotel-Rohan-2.webp 1387w, https:\/\/www.hotel-rohan.com\/wp-content\/uploads\/2021\/11\/Chambre-triple-Hotel-Rohan-2-300x200.webp 300w, https:\/\/www.hotel-rohan.com\/wp-content\/uploads\/2021\/11\/Chambre-triple-Hotel-Rohan-2-1024x682.webp 1024w, https:\/\/www.hotel-rohan.com\/wp-content\/uploads\/2021\/11\/Chambre-triple-Hotel-Rohan-2-768x512.webp 768w\" sizes=\"(max-width: 1387px) 100vw, 1387px\" \/>\t\t\t\t\t\t\t\t\t\t\t\t\t\t\t\t\t\t\t\t\t\t\t\t\t\t\t\t\t\t\t\t<div class=\"eae-grid-overlay fadeIn\">\n\t\t\t\t\t\t\t\t\t\t\t\t<div class=\"eae-grid-overlay-inner\">\n\t\t\t\t\t\t\t\t\t\t\t\t\t<div class=\"eae-icon-wrapper\">\n\t\t\t\t\t\t\t\t\t\t\t\t\t\t\t\t\t\t\t\t\t\t\t\t\t\t\t<\/div>\n\t\t\t\t\t\t\t\t\t\t\t\t\t\t\t\t\t\t\t\t\t\t\t\t\t<\/div>\n\t\t\t\t\t\t\t\t\t\t<\/div>\n\t\t\t\t\t\t\t\t\t\t\t\t\t\t\t\t\t\t\t<\/a>\n\t\t\t\t\t\t\t\t<\/div>\n\t\t\t\t\t\t\t<\/div>\n\t\t\t\t\t\t\t\t\t\t\t\t\t\t<div class=\"eae-gallery-item chambres\">\n\t\t\t\t\t\t\t\t<div class=\"eae-gallery-item-inner\">\n\t\t\t\t\t\t\t\t\t<a href=\"https:\/\/www.hotel-rohan.com\/wp-content\/uploads\/2022\/03\/Salle-de-bain-Confort-double-2.jpg\" data-elementor-open-lightbox=\"yes\" data-elementor-lightbox-slideshow=\"eae-fg-gallery-59585\" data-elementor-lightbox-title=\"H\u00f4tel Rohan Strasbourg - Salle de bain Confort double\" data-e-action-hash=\"#elementor-action%3Aaction%3Dlightbox%26settings%3DeyJpZCI6OTA0NCwidXJsIjoiaHR0cHM6XC9cL3d3dy5ob3RlbC1yb2hhbi5jb21cL3dwLWNvbnRlbnRcL3VwbG9hZHNcLzIwMjJcLzAzXC9TYWxsZS1kZS1iYWluLUNvbmZvcnQtZG91YmxlLTIuanBnIn0%3D\">\n\t\t\t\t\t\t\t\t\t\t\t\t\t\t\t\t\t\t\t\t\t<img loading=\"lazy\" decoding=\"async\" width=\"557\" height=\"768\" src=\"https:\/\/www.hotel-rohan.com\/wp-content\/uploads\/2022\/03\/Salle-de-bain-Confort-double-2.jpg\" class=\"attachment-full size-full\" alt=\"H\u00f4tel Rohan Strasbourg - Salle de bain Confort double\" srcset=\"https:\/\/www.hotel-rohan.com\/wp-content\/uploads\/2022\/03\/Salle-de-bain-Confort-double-2.jpg 557w, https:\/\/www.hotel-rohan.com\/wp-content\/uploads\/2022\/03\/Salle-de-bain-Confort-double-2-218x300.jpg 218w\" sizes=\"(max-width: 557px) 100vw, 557px\" \/>\t\t\t\t\t\t\t\t\t\t\t\t\t\t\t\t\t\t\t\t\t\t\t\t\t\t\t\t\t\t\t\t<div class=\"eae-grid-overlay fadeIn\">\n\t\t\t\t\t\t\t\t\t\t\t\t<div class=\"eae-grid-overlay-inner\">\n\t\t\t\t\t\t\t\t\t\t\t\t\t<div class=\"eae-icon-wrapper\">\n\t\t\t\t\t\t\t\t\t\t\t\t\t\t\t\t\t\t\t\t\t\t\t\t\t\t\t<\/div>\n\t\t\t\t\t\t\t\t\t\t\t\t\t\t\t\t\t\t\t\t\t\t\t\t\t<\/div>\n\t\t\t\t\t\t\t\t\t\t<\/div>\n\t\t\t\t\t\t\t\t\t\t\t\t\t\t\t\t\t\t\t<\/a>\n\t\t\t\t\t\t\t\t<\/div>\n\t\t\t\t\t\t\t<\/div>\n\t\t\t\t\t\t\t\t\t\t\t\t\t\t<div class=\"eae-gallery-item salon-bar\">\n\t\t\t\t\t\t\t\t<div class=\"eae-gallery-item-inner\">\n\t\t\t\t\t\t\t\t\t<a href=\"\" data-elementor-open-lightbox=\"yes\" data-elementor-lightbox-slideshow=\"eae-fg-gallery-59585\" data-elementor-lightbox-title=\"H\u00f4tel Rohan Strasbourg - Salle de bain Confort double\" data-e-action-hash=\"#elementor-action%3Aaction%3Dlightbox%26settings%3DeyJpZCI6MTQyNTMsInVybCI6ZmFsc2V9\">\n\t\t\t\t\t\t\t\t\t\t\t\t\t\t\t\t\t\t\t\t\t\t\t\t\t\t\t\t\t\t\t\t\t\t\t\t\t\t\t\t\t\t\t\t\t\t\t\t\t\t\t\t\t<div class=\"eae-grid-overlay fadeIn\">\n\t\t\t\t\t\t\t\t\t\t\t\t<div class=\"eae-grid-overlay-inner\">\n\t\t\t\t\t\t\t\t\t\t\t\t\t<div class=\"eae-icon-wrapper\">\n\t\t\t\t\t\t\t\t\t\t\t\t\t\t\t\t\t\t\t\t\t\t\t\t\t\t\t<\/div>\n\t\t\t\t\t\t\t\t\t\t\t\t\t\t\t\t\t\t\t\t\t\t\t\t\t<\/div>\n\t\t\t\t\t\t\t\t\t\t<\/div>\n\t\t\t\t\t\t\t\t\t\t\t\t\t\t\t\t\t\t\t<\/a>\n\t\t\t\t\t\t\t\t<\/div>\n\t\t\t\t\t\t\t<\/div>\n\t\t\t\t\t\t\t\t\t\t\t\t\t\t<div class=\"eae-gallery-item salon-bar\">\n\t\t\t\t\t\t\t\t<div class=\"eae-gallery-item-inner\">\n\t\t\t\t\t\t\t\t\t<a href=\"https:\/\/www.hotel-rohan.com\/wp-content\/uploads\/hotel-rohan-strasbourg.webp\" data-elementor-open-lightbox=\"yes\" data-elementor-lightbox-slideshow=\"eae-fg-gallery-59585\" data-elementor-lightbox-title=\"Salon Lounge \u2013 H\u00f4tel Rohan Strasbourg\" data-e-action-hash=\"#elementor-action%3Aaction%3Dlightbox%26settings%3DeyJpZCI6MTM5MTQsInVybCI6Imh0dHBzOlwvXC93d3cuaG90ZWwtcm9oYW4uY29tXC93cC1jb250ZW50XC91cGxvYWRzXC9ob3RlbC1yb2hhbi1zdHJhc2JvdXJnLndlYnAifQ%3D%3D\" data-elementor-lightbox-description=\"Espace salon lumineux et contemporain de l\u2019H\u00f4tel Rohan Strasbourg, avec banquette arrondie, assises confortables et vue sur l\u2019ext\u00e9rieur gr\u00e2ce aux grandes baies vitr\u00e9es.\">\n\t\t\t\t\t\t\t\t\t\t\t\t\t\t\t\t\t\t\t\t\t<img loading=\"lazy\" decoding=\"async\" width=\"950\" height=\"633\" src=\"https:\/\/www.hotel-rohan.com\/wp-content\/uploads\/hotel-rohan-strasbourg.webp\" class=\"attachment-full size-full\" alt=\"Salon lounge moderne de l\u2019H\u00f4tel Rohan Strasbourg avec banquette verte et grandes baies vitr\u00e9es\" srcset=\"https:\/\/www.hotel-rohan.com\/wp-content\/uploads\/hotel-rohan-strasbourg.webp 950w, https:\/\/www.hotel-rohan.com\/wp-content\/uploads\/hotel-rohan-strasbourg-300x200.webp 300w, https:\/\/www.hotel-rohan.com\/wp-content\/uploads\/hotel-rohan-strasbourg-768x512.webp 768w\" sizes=\"(max-width: 950px) 100vw, 950px\" \/>\t\t\t\t\t\t\t\t\t\t\t\t\t\t\t\t\t\t\t\t\t\t\t\t\t\t\t\t\t\t\t\t<div class=\"eae-grid-overlay fadeIn\">\n\t\t\t\t\t\t\t\t\t\t\t\t<div class=\"eae-grid-overlay-inner\">\n\t\t\t\t\t\t\t\t\t\t\t\t\t<div class=\"eae-icon-wrapper\">\n\t\t\t\t\t\t\t\t\t\t\t\t\t\t\t\t\t\t\t\t\t\t\t\t\t\t\t<\/div>\n\t\t\t\t\t\t\t\t\t\t\t\t\t\t\t\t\t\t\t\t\t\t\t\t\t\t\t<div class=\"eae-overlay-caption\">Le salon lounge de l\u2019H\u00f4tel Rohan \u00e0 Strasbourg.<\/div>\n\t\t\t\t\t\t\t\t\t\t\t\t\t\t\t\t\t\t\t\t\t\t\t\t\t<\/div>\n\t\t\t\t\t\t\t\t\t\t<\/div>\n\t\t\t\t\t\t\t\t\t\t\t\t\t\t\t\t\t\t\t<\/a>\n\t\t\t\t\t\t\t\t<\/div>\n\t\t\t\t\t\t\t<\/div>\n\t\t\t\t\t\t\t\t\t\t\t\t\t\t<div class=\"eae-gallery-item salon-bar\">\n\t\t\t\t\t\t\t\t<div class=\"eae-gallery-item-inner\">\n\t\t\t\t\t\t\t\t\t<a href=\"https:\/\/www.hotel-rohan.com\/wp-content\/uploads\/2022\/03\/Offres-Hotel-Rohan-Strasbourg-.jpg\" data-elementor-open-lightbox=\"yes\" data-elementor-lightbox-slideshow=\"eae-fg-gallery-59585\" data-elementor-lightbox-title=\"H\u00f4tel Rohan Strasbourg - Offres\" data-e-action-hash=\"#elementor-action%3Aaction%3Dlightbox%26settings%3DeyJpZCI6OTEwMywidXJsIjoiaHR0cHM6XC9cL3d3dy5ob3RlbC1yb2hhbi5jb21cL3dwLWNvbnRlbnRcL3VwbG9hZHNcLzIwMjJcLzAzXC9PZmZyZXMtSG90ZWwtUm9oYW4tU3RyYXNib3VyZy0uanBnIn0%3D\" data-elementor-lightbox-description=\"Espace salon lumineux et contemporain de l\u2019H\u00f4tel Rohan Strasbourg, avec banquette arrondie, assises confortables et vue sur l\u2019ext\u00e9rieur gr\u00e2ce aux grandes baies vitr\u00e9es.\">\n\t\t\t\t\t\t\t\t\t\t\t\t\t\t\t\t\t\t\t\t\t<img loading=\"lazy\" decoding=\"async\" width=\"750\" height=\"450\" src=\"https:\/\/www.hotel-rohan.com\/wp-content\/uploads\/2022\/03\/Offres-Hotel-Rohan-Strasbourg-.jpg\" class=\"attachment-full size-full\" alt=\"H\u00f4tel Rohan Strasbourg - Offres\" srcset=\"https:\/\/www.hotel-rohan.com\/wp-content\/uploads\/2022\/03\/Offres-Hotel-Rohan-Strasbourg-.jpg 750w, https:\/\/www.hotel-rohan.com\/wp-content\/uploads\/2022\/03\/Offres-Hotel-Rohan-Strasbourg--300x180.jpg 300w\" sizes=\"(max-width: 750px) 100vw, 750px\" \/>\t\t\t\t\t\t\t\t\t\t\t\t\t\t\t\t\t\t\t\t\t\t\t\t\t\t\t\t\t\t\t\t<div class=\"eae-grid-overlay fadeIn\">\n\t\t\t\t\t\t\t\t\t\t\t\t<div class=\"eae-grid-overlay-inner\">\n\t\t\t\t\t\t\t\t\t\t\t\t\t<div class=\"eae-icon-wrapper\">\n\t\t\t\t\t\t\t\t\t\t\t\t\t\t\t\t\t\t\t\t\t\t\t\t\t\t\t<\/div>\n\t\t\t\t\t\t\t\t\t\t\t\t\t\t\t\t\t\t\t\t\t\t\t\t\t<\/div>\n\t\t\t\t\t\t\t\t\t\t<\/div>\n\t\t\t\t\t\t\t\t\t\t\t\t\t\t\t\t\t\t\t<\/a>\n\t\t\t\t\t\t\t\t<\/div>\n\t\t\t\t\t\t\t<\/div>\n\t\t\t\t\t\t\t\t\t\t\t\t\t\t<div class=\"eae-gallery-item salon-bar\">\n\t\t\t\t\t\t\t\t<div class=\"eae-gallery-item-inner\">\n\t\t\t\t\t\t\t\t\t<a href=\"\" data-elementor-open-lightbox=\"yes\" data-elementor-lightbox-slideshow=\"eae-fg-gallery-59585\" data-elementor-lightbox-title=\"H\u00f4tel Rohan Strasbourg - Offres\" data-e-action-hash=\"#elementor-action%3Aaction%3Dlightbox%26settings%3DeyJpZCI6MTQyNTksInVybCI6ZmFsc2V9\" data-elementor-lightbox-description=\"Espace salon lumineux et contemporain de l\u2019H\u00f4tel Rohan Strasbourg, avec banquette arrondie, assises confortables et vue sur l\u2019ext\u00e9rieur gr\u00e2ce aux grandes baies vitr\u00e9es.\">\n\t\t\t\t\t\t\t\t\t\t\t\t\t\t\t\t\t\t\t\t\t\t\t\t\t\t\t\t\t\t\t\t\t\t\t\t\t\t\t\t\t\t\t\t\t\t\t\t\t\t\t\t\t<div class=\"eae-grid-overlay fadeIn\">\n\t\t\t\t\t\t\t\t\t\t\t\t<div class=\"eae-grid-overlay-inner\">\n\t\t\t\t\t\t\t\t\t\t\t\t\t<div class=\"eae-icon-wrapper\">\n\t\t\t\t\t\t\t\t\t\t\t\t\t\t\t\t\t\t\t\t\t\t\t\t\t\t\t<\/div>\n\t\t\t\t\t\t\t\t\t\t\t\t\t\t\t\t\t\t\t\t\t\t\t\t\t<\/div>\n\t\t\t\t\t\t\t\t\t\t<\/div>\n\t\t\t\t\t\t\t\t\t\t\t\t\t\t\t\t\t\t\t<\/a>\n\t\t\t\t\t\t\t\t<\/div>\n\t\t\t\t\t\t\t<\/div>\n\t\t\t\t\t\t\t\t\t\t\t\t\t\t<div class=\"eae-gallery-item salon-bar\">\n\t\t\t\t\t\t\t\t<div class=\"eae-gallery-item-inner\">\n\t\t\t\t\t\t\t\t\t<a href=\"https:\/\/www.hotel-rohan.com\/wp-content\/uploads\/2022\/03\/hotel-rohan-galerie-23-min.jpg\" data-elementor-open-lightbox=\"yes\" data-elementor-lightbox-slideshow=\"eae-fg-gallery-59585\" data-elementor-lightbox-title=\"H\u00f4tel Rohan Strasbourg - Le Restaurant\" data-e-action-hash=\"#elementor-action%3Aaction%3Dlightbox%26settings%3DeyJpZCI6ODk4NCwidXJsIjoiaHR0cHM6XC9cL3d3dy5ob3RlbC1yb2hhbi5jb21cL3dwLWNvbnRlbnRcL3VwbG9hZHNcLzIwMjJcLzAzXC9ob3RlbC1yb2hhbi1nYWxlcmllLTIzLW1pbi5qcGcifQ%3D%3D\" data-elementor-lightbox-description=\"Espace salon lumineux et contemporain de l\u2019H\u00f4tel Rohan Strasbourg, avec banquette arrondie, assises confortables et vue sur l\u2019ext\u00e9rieur gr\u00e2ce aux grandes baies vitr\u00e9es.\">\n\t\t\t\t\t\t\t\t\t\t\t\t\t\t\t\t\t\t\t\t\t<img loading=\"lazy\" decoding=\"async\" width=\"1033\" height=\"690\" src=\"https:\/\/www.hotel-rohan.com\/wp-content\/uploads\/2022\/03\/hotel-rohan-galerie-23-min.jpg\" class=\"attachment-full size-full\" alt=\"H\u00f4tel Rohan Strasbourg - Le Restaurant\" srcset=\"https:\/\/www.hotel-rohan.com\/wp-content\/uploads\/2022\/03\/hotel-rohan-galerie-23-min.jpg 1033w, https:\/\/www.hotel-rohan.com\/wp-content\/uploads\/2022\/03\/hotel-rohan-galerie-23-min-300x200.jpg 300w, https:\/\/www.hotel-rohan.com\/wp-content\/uploads\/2022\/03\/hotel-rohan-galerie-23-min-1024x684.jpg 1024w, https:\/\/www.hotel-rohan.com\/wp-content\/uploads\/2022\/03\/hotel-rohan-galerie-23-min-768x513.jpg 768w\" sizes=\"(max-width: 1033px) 100vw, 1033px\" \/>\t\t\t\t\t\t\t\t\t\t\t\t\t\t\t\t\t\t\t\t\t\t\t\t\t\t\t\t\t\t\t\t<div class=\"eae-grid-overlay fadeIn\">\n\t\t\t\t\t\t\t\t\t\t\t\t<div class=\"eae-grid-overlay-inner\">\n\t\t\t\t\t\t\t\t\t\t\t\t\t<div class=\"eae-icon-wrapper\">\n\t\t\t\t\t\t\t\t\t\t\t\t\t\t\t\t\t\t\t\t\t\t\t\t\t\t\t<\/div>\n\t\t\t\t\t\t\t\t\t\t\t\t\t\t\t\t\t\t\t\t\t\t\t\t\t<\/div>\n\t\t\t\t\t\t\t\t\t\t<\/div>\n\t\t\t\t\t\t\t\t\t\t\t\t\t\t\t\t\t\t\t<\/a>\n\t\t\t\t\t\t\t\t<\/div>\n\t\t\t\t\t\t\t<\/div>\n\t\t\t\t\t\t\t\t\t\t\t\t\t\t<div class=\"eae-gallery-item salon-bar\">\n\t\t\t\t\t\t\t\t<div class=\"eae-gallery-item-inner\">\n\t\t\t\t\t\t\t\t\t<a href=\"https:\/\/www.hotel-rohan.com\/wp-content\/uploads\/2022\/03\/Hotel-Rohan-4-etoiles-Strasbourg-Centre-ville-1.webp\" data-elementor-open-lightbox=\"yes\" data-elementor-lightbox-slideshow=\"eae-fg-gallery-59585\" data-elementor-lightbox-title=\"H\u00f4tel Rohan 4 \u00e9toiles - Strasbourg Centre ville\" data-e-action-hash=\"#elementor-action%3Aaction%3Dlightbox%26settings%3DeyJpZCI6ODk3MSwidXJsIjoiaHR0cHM6XC9cL3d3dy5ob3RlbC1yb2hhbi5jb21cL3dwLWNvbnRlbnRcL3VwbG9hZHNcLzIwMjJcLzAzXC9Ib3RlbC1Sb2hhbi00LWV0b2lsZXMtU3RyYXNib3VyZy1DZW50cmUtdmlsbGUtMS53ZWJwIn0%3D\" data-elementor-lightbox-description=\"Espace salon lumineux et contemporain de l\u2019H\u00f4tel Rohan Strasbourg, avec banquette arrondie, assises confortables et vue sur l\u2019ext\u00e9rieur gr\u00e2ce aux grandes baies vitr\u00e9es.\">\n\t\t\t\t\t\t\t\t\t\t\t\t\t\t\t\t\t\t\t\t\t<img loading=\"lazy\" decoding=\"async\" width=\"1200\" height=\"801\" src=\"https:\/\/www.hotel-rohan.com\/wp-content\/uploads\/2022\/03\/Hotel-Rohan-4-etoiles-Strasbourg-Centre-ville-1.webp\" class=\"attachment-full size-full\" alt=\"H\u00f4tel Rohan 4 \u00e9toiles - Strasbourg Centre ville\" srcset=\"https:\/\/www.hotel-rohan.com\/wp-content\/uploads\/2022\/03\/Hotel-Rohan-4-etoiles-Strasbourg-Centre-ville-1.webp 1200w, https:\/\/www.hotel-rohan.com\/wp-content\/uploads\/2022\/03\/Hotel-Rohan-4-etoiles-Strasbourg-Centre-ville-1-300x200.webp 300w, https:\/\/www.hotel-rohan.com\/wp-content\/uploads\/2022\/03\/Hotel-Rohan-4-etoiles-Strasbourg-Centre-ville-1-1024x684.webp 1024w, https:\/\/www.hotel-rohan.com\/wp-content\/uploads\/2022\/03\/Hotel-Rohan-4-etoiles-Strasbourg-Centre-ville-1-768x513.webp 768w\" sizes=\"(max-width: 1200px) 100vw, 1200px\" \/>\t\t\t\t\t\t\t\t\t\t\t\t\t\t\t\t\t\t\t\t\t\t\t\t\t\t\t\t\t\t\t\t<div class=\"eae-grid-overlay fadeIn\">\n\t\t\t\t\t\t\t\t\t\t\t\t<div class=\"eae-grid-overlay-inner\">\n\t\t\t\t\t\t\t\t\t\t\t\t\t<div class=\"eae-icon-wrapper\">\n\t\t\t\t\t\t\t\t\t\t\t\t\t\t\t\t\t\t\t\t\t\t\t\t\t\t\t<\/div>\n\t\t\t\t\t\t\t\t\t\t\t\t\t\t\t\t\t\t\t\t\t\t\t\t\t<\/div>\n\t\t\t\t\t\t\t\t\t\t<\/div>\n\t\t\t\t\t\t\t\t\t\t\t\t\t\t\t\t\t\t\t<\/a>\n\t\t\t\t\t\t\t\t<\/div>\n\t\t\t\t\t\t\t<\/div>\n\t\t\t\t\t\t\t\t\t\t\t\t\t\t<div class=\"eae-gallery-item salon-bar\">\n\t\t\t\t\t\t\t\t<div class=\"eae-gallery-item-inner\">\n\t\t\t\t\t\t\t\t\t<a href=\"\" data-elementor-open-lightbox=\"yes\" data-elementor-lightbox-slideshow=\"eae-fg-gallery-59585\" data-elementor-lightbox-title=\"H\u00f4tel Rohan 4 \u00e9toiles - Strasbourg Centre ville\" data-e-action-hash=\"#elementor-action%3Aaction%3Dlightbox%26settings%3DeyJpZCI6MTQyNTYsInVybCI6ZmFsc2V9\" data-elementor-lightbox-description=\"Espace salon lumineux et contemporain de l\u2019H\u00f4tel Rohan Strasbourg, avec banquette arrondie, assises confortables et vue sur l\u2019ext\u00e9rieur gr\u00e2ce aux grandes baies vitr\u00e9es.\">\n\t\t\t\t\t\t\t\t\t\t\t\t\t\t\t\t\t\t\t\t\t\t\t\t\t\t\t\t\t\t\t\t\t\t\t\t\t\t\t\t\t\t\t\t\t\t\t\t\t\t\t\t\t<div class=\"eae-grid-overlay fadeIn\">\n\t\t\t\t\t\t\t\t\t\t\t\t<div class=\"eae-grid-overlay-inner\">\n\t\t\t\t\t\t\t\t\t\t\t\t\t<div class=\"eae-icon-wrapper\">\n\t\t\t\t\t\t\t\t\t\t\t\t\t\t\t\t\t\t\t\t\t\t\t\t\t\t\t<\/div>\n\t\t\t\t\t\t\t\t\t\t\t\t\t\t\t\t\t\t\t\t\t\t\t\t\t<\/div>\n\t\t\t\t\t\t\t\t\t\t<\/div>\n\t\t\t\t\t\t\t\t\t\t\t\t\t\t\t\t\t\t\t<\/a>\n\t\t\t\t\t\t\t\t<\/div>\n\t\t\t\t\t\t\t<\/div>\n\t\t\t\t\t\t\t\t\t\t\t\t\t\t<div class=\"eae-gallery-item extrieur\">\n\t\t\t\t\t\t\t\t<div class=\"eae-gallery-item-inner\">\n\t\t\t\t\t\t\t\t\t<a href=\"https:\/\/www.hotel-rohan.com\/wp-content\/uploads\/photo-exterieur-rohan-cathedrale.jpg\" data-elementor-open-lightbox=\"yes\" data-elementor-lightbox-slideshow=\"eae-fg-gallery-59585\" data-elementor-lightbox-title=\"photo-exterieur-rohan-cathedrale\" data-e-action-hash=\"#elementor-action%3Aaction%3Dlightbox%26settings%3DeyJpZCI6MTQyMzgsInVybCI6Imh0dHBzOlwvXC93d3cuaG90ZWwtcm9oYW4uY29tXC93cC1jb250ZW50XC91cGxvYWRzXC9waG90by1leHRlcmlldXItcm9oYW4tY2F0aGVkcmFsZS5qcGcifQ%3D%3D\" data-elementor-lightbox-description=\"Espace salon lumineux et contemporain de l\u2019H\u00f4tel Rohan Strasbourg, avec banquette arrondie, assises confortables et vue sur l\u2019ext\u00e9rieur gr\u00e2ce aux grandes baies vitr\u00e9es.\">\n\t\t\t\t\t\t\t\t\t\t\t\t\t\t\t\t\t\t\t\t\t<img loading=\"lazy\" decoding=\"async\" width=\"1200\" height=\"800\" src=\"https:\/\/www.hotel-rohan.com\/wp-content\/uploads\/photo-exterieur-rohan-cathedrale.jpg\" class=\"attachment-full size-full\" alt=\"\" srcset=\"https:\/\/www.hotel-rohan.com\/wp-content\/uploads\/photo-exterieur-rohan-cathedrale.jpg 1200w, https:\/\/www.hotel-rohan.com\/wp-content\/uploads\/photo-exterieur-rohan-cathedrale-300x200.jpg 300w, https:\/\/www.hotel-rohan.com\/wp-content\/uploads\/photo-exterieur-rohan-cathedrale-1024x683.jpg 1024w, https:\/\/www.hotel-rohan.com\/wp-content\/uploads\/photo-exterieur-rohan-cathedrale-768x512.jpg 768w\" sizes=\"(max-width: 1200px) 100vw, 1200px\" \/>\t\t\t\t\t\t\t\t\t\t\t\t\t\t\t\t\t\t\t\t\t\t\t\t\t\t\t\t\t\t\t\t<div class=\"eae-grid-overlay fadeIn\">\n\t\t\t\t\t\t\t\t\t\t\t\t<div class=\"eae-grid-overlay-inner\">\n\t\t\t\t\t\t\t\t\t\t\t\t\t<div class=\"eae-icon-wrapper\">\n\t\t\t\t\t\t\t\t\t\t\t\t\t\t\t\t\t\t\t\t\t\t\t\t\t\t\t<\/div>\n\t\t\t\t\t\t\t\t\t\t\t\t\t\t\t\t\t\t\t\t\t\t\t\t\t<\/div>\n\t\t\t\t\t\t\t\t\t\t<\/div>\n\t\t\t\t\t\t\t\t\t\t\t\t\t\t\t\t\t\t\t<\/a>\n\t\t\t\t\t\t\t\t<\/div>\n\t\t\t\t\t\t\t<\/div>\n\t\t\t\t\t\t\t\t\t\t\t\t\t\t<div class=\"eae-gallery-item extrieur\">\n\t\t\t\t\t\t\t\t<div class=\"eae-gallery-item-inner\">\n\t\t\t\t\t\t\t\t\t<a href=\"https:\/\/www.hotel-rohan.com\/wp-content\/uploads\/2023\/05\/Hotel-Rohan-Strasbourg-Entree.webp\" data-elementor-open-lightbox=\"yes\" data-elementor-lightbox-slideshow=\"eae-fg-gallery-59585\" data-elementor-lightbox-title=\"H\u00f4tel Rohan Strasbourg - Votre h\u00f4tel au c\u0153ur de Strasbourg - Entr\u00e9e\" data-e-action-hash=\"#elementor-action%3Aaction%3Dlightbox%26settings%3DeyJpZCI6MTIxOTMsInVybCI6Imh0dHBzOlwvXC93d3cuaG90ZWwtcm9oYW4uY29tXC93cC1jb250ZW50XC91cGxvYWRzXC8yMDIzXC8wNVwvSG90ZWwtUm9oYW4tU3RyYXNib3VyZy1FbnRyZWUud2VicCJ9\" data-elementor-lightbox-description=\"Espace salon lumineux et contemporain de l\u2019H\u00f4tel Rohan Strasbourg, avec banquette arrondie, assises confortables et vue sur l\u2019ext\u00e9rieur gr\u00e2ce aux grandes baies vitr\u00e9es.\">\n\t\t\t\t\t\t\t\t\t\t\t\t\t\t\t\t\t\t\t\t\t<img loading=\"lazy\" decoding=\"async\" width=\"1200\" height=\"801\" src=\"https:\/\/www.hotel-rohan.com\/wp-content\/uploads\/2023\/05\/Hotel-Rohan-Strasbourg-Entree.webp\" class=\"attachment-full size-full\" alt=\"H\u00f4tel Rohan Strasbourg - Votre h\u00f4tel au c\u0153ur de Strasbourg - Entr\u00e9e\" srcset=\"https:\/\/www.hotel-rohan.com\/wp-content\/uploads\/2023\/05\/Hotel-Rohan-Strasbourg-Entree.webp 1200w, https:\/\/www.hotel-rohan.com\/wp-content\/uploads\/2023\/05\/Hotel-Rohan-Strasbourg-Entree-300x200.webp 300w, https:\/\/www.hotel-rohan.com\/wp-content\/uploads\/2023\/05\/Hotel-Rohan-Strasbourg-Entree-1024x684.webp 1024w, https:\/\/www.hotel-rohan.com\/wp-content\/uploads\/2023\/05\/Hotel-Rohan-Strasbourg-Entree-768x513.webp 768w\" sizes=\"(max-width: 1200px) 100vw, 1200px\" \/>\t\t\t\t\t\t\t\t\t\t\t\t\t\t\t\t\t\t\t\t\t\t\t\t\t\t\t\t\t\t\t\t<div class=\"eae-grid-overlay fadeIn\">\n\t\t\t\t\t\t\t\t\t\t\t\t<div class=\"eae-grid-overlay-inner\">\n\t\t\t\t\t\t\t\t\t\t\t\t\t<div class=\"eae-icon-wrapper\">\n\t\t\t\t\t\t\t\t\t\t\t\t\t\t\t\t\t\t\t\t\t\t\t\t\t\t\t<\/div>\n\t\t\t\t\t\t\t\t\t\t\t\t\t\t\t\t\t\t\t\t\t\t\t\t\t<\/div>\n\t\t\t\t\t\t\t\t\t\t<\/div>\n\t\t\t\t\t\t\t\t\t\t\t\t\t\t\t\t\t\t\t<\/a>\n\t\t\t\t\t\t\t\t<\/div>\n\t\t\t\t\t\t\t<\/div>\n\t\t\t\t\t\t\t\t\t\t\t\t\t\t<div class=\"eae-gallery-item extrieur\">\n\t\t\t\t\t\t\t\t<div class=\"eae-gallery-item-inner\">\n\t\t\t\t\t\t\t\t\t<a href=\"\" data-elementor-open-lightbox=\"yes\" data-elementor-lightbox-slideshow=\"eae-fg-gallery-59585\" data-elementor-lightbox-title=\"H\u00f4tel Rohan Strasbourg - Votre h\u00f4tel au c\u0153ur de Strasbourg - Entr\u00e9e\" data-e-action-hash=\"#elementor-action%3Aaction%3Dlightbox%26settings%3DeyJpZCI6MTQyNTksInVybCI6ZmFsc2V9\" data-elementor-lightbox-description=\"Espace salon lumineux et contemporain de l\u2019H\u00f4tel Rohan Strasbourg, avec banquette arrondie, assises confortables et vue sur l\u2019ext\u00e9rieur gr\u00e2ce aux grandes baies vitr\u00e9es.\">\n\t\t\t\t\t\t\t\t\t\t\t\t\t\t\t\t\t\t\t\t\t\t\t\t\t\t\t\t\t\t\t\t\t\t\t\t\t\t\t\t\t\t\t\t\t\t\t\t\t\t\t\t\t<div class=\"eae-grid-overlay fadeIn\">\n\t\t\t\t\t\t\t\t\t\t\t\t<div class=\"eae-grid-overlay-inner\">\n\t\t\t\t\t\t\t\t\t\t\t\t\t<div class=\"eae-icon-wrapper\">\n\t\t\t\t\t\t\t\t\t\t\t\t\t\t\t\t\t\t\t\t\t\t\t\t\t\t\t<\/div>\n\t\t\t\t\t\t\t\t\t\t\t\t\t\t\t\t\t\t\t\t\t\t\t\t\t<\/div>\n\t\t\t\t\t\t\t\t\t\t<\/div>\n\t\t\t\t\t\t\t\t\t\t\t\t\t\t\t\t\t\t\t<\/a>\n\t\t\t\t\t\t\t\t<\/div>\n\t\t\t\t\t\t\t<\/div>\n\t\t\t\t\t\t\t\t\t\t\t\t\t\t<div class=\"eae-gallery-item extrieur\">\n\t\t\t\t\t\t\t\t<div class=\"eae-gallery-item-inner\">\n\t\t\t\t\t\t\t\t\t<a href=\"https:\/\/www.hotel-rohan.com\/wp-content\/uploads\/galerie\/terrasse-hotel-rohan-strasbourg.webp\" data-elementor-open-lightbox=\"yes\" data-elementor-lightbox-slideshow=\"eae-fg-gallery-59585\" data-elementor-lightbox-title=\"H\u00f4tel Rohan Strasbourg - La Terrasse\" data-e-action-hash=\"#elementor-action%3Aaction%3Dlightbox%26settings%3DeyJpZCI6MTM5MTcsInVybCI6Imh0dHBzOlwvXC93d3cuaG90ZWwtcm9oYW4uY29tXC93cC1jb250ZW50XC91cGxvYWRzXC9nYWxlcmllXC90ZXJyYXNzZS1ob3RlbC1yb2hhbi1zdHJhc2JvdXJnLndlYnAifQ%3D%3D\" data-elementor-lightbox-description=\"Espace salon lumineux et contemporain de l\u2019H\u00f4tel Rohan Strasbourg, avec banquette arrondie, assises confortables et vue sur l\u2019ext\u00e9rieur gr\u00e2ce aux grandes baies vitr\u00e9es.\">\n\t\t\t\t\t\t\t\t\t\t\t\t\t\t\t\t\t\t\t\t\t<img loading=\"lazy\" decoding=\"async\" width=\"950\" height=\"574\" src=\"https:\/\/www.hotel-rohan.com\/wp-content\/uploads\/galerie\/terrasse-hotel-rohan-strasbourg.webp\" class=\"attachment-full size-full\" alt=\"H\u00f4tel Rohan Strasbourg - La Terrasse\" srcset=\"https:\/\/www.hotel-rohan.com\/wp-content\/uploads\/galerie\/terrasse-hotel-rohan-strasbourg.webp 950w, https:\/\/www.hotel-rohan.com\/wp-content\/uploads\/galerie\/terrasse-hotel-rohan-strasbourg-300x181.webp 300w, https:\/\/www.hotel-rohan.com\/wp-content\/uploads\/galerie\/terrasse-hotel-rohan-strasbourg-768x464.webp 768w\" sizes=\"(max-width: 950px) 100vw, 950px\" \/>\t\t\t\t\t\t\t\t\t\t\t\t\t\t\t\t\t\t\t\t\t\t\t\t\t\t\t\t\t\t\t\t<div class=\"eae-grid-overlay fadeIn\">\n\t\t\t\t\t\t\t\t\t\t\t\t<div class=\"eae-grid-overlay-inner\">\n\t\t\t\t\t\t\t\t\t\t\t\t\t<div class=\"eae-icon-wrapper\">\n\t\t\t\t\t\t\t\t\t\t\t\t\t\t\t\t\t\t\t\t\t\t\t\t\t\t\t<\/div>\n\t\t\t\t\t\t\t\t\t\t\t\t\t\t\t\t\t\t\t\t\t\t\t\t\t<\/div>\n\t\t\t\t\t\t\t\t\t\t<\/div>\n\t\t\t\t\t\t\t\t\t\t\t\t\t\t\t\t\t\t\t<\/a>\n\t\t\t\t\t\t\t\t<\/div>\n\t\t\t\t\t\t\t<\/div>\n\t\t\t\t\t\t\t\t\t\t\t\t\t\t<div class=\"eae-gallery-item extrieur\">\n\t\t\t\t\t\t\t\t<div class=\"eae-gallery-item-inner\">\n\t\t\t\t\t\t\t\t\t<a href=\"https:\/\/www.hotel-rohan.com\/wp-content\/uploads\/2022\/03\/Salle-de-bain-Confort-double-1.webp\" data-elementor-open-lightbox=\"yes\" data-elementor-lightbox-slideshow=\"eae-fg-gallery-59585\" data-elementor-lightbox-title=\"H\u00f4tel Rohan Strasbourg - Ext\u00e9rieur\" data-e-action-hash=\"#elementor-action%3Aaction%3Dlightbox%26settings%3DeyJpZCI6OTA0NywidXJsIjoiaHR0cHM6XC9cL3d3dy5ob3RlbC1yb2hhbi5jb21cL3dwLWNvbnRlbnRcL3VwbG9hZHNcLzIwMjJcLzAzXC9TYWxsZS1kZS1iYWluLUNvbmZvcnQtZG91YmxlLTEud2VicCJ9\" data-elementor-lightbox-description=\"Espace salon lumineux et contemporain de l\u2019H\u00f4tel Rohan Strasbourg, avec banquette arrondie, assises confortables et vue sur l\u2019ext\u00e9rieur gr\u00e2ce aux grandes baies vitr\u00e9es.\">\n\t\t\t\t\t\t\t\t\t\t\t\t\t\t\t\t\t\t\t\t\t<img loading=\"lazy\" decoding=\"async\" width=\"1024\" height=\"683\" src=\"https:\/\/www.hotel-rohan.com\/wp-content\/uploads\/2022\/03\/Salle-de-bain-Confort-double-1.webp\" class=\"attachment-full size-full\" alt=\"H\u00f4tel Rohan Strasbourg - Ext\u00e9rieur\" srcset=\"https:\/\/www.hotel-rohan.com\/wp-content\/uploads\/2022\/03\/Salle-de-bain-Confort-double-1.webp 1024w, https:\/\/www.hotel-rohan.com\/wp-content\/uploads\/2022\/03\/Salle-de-bain-Confort-double-1-300x200.webp 300w, https:\/\/www.hotel-rohan.com\/wp-content\/uploads\/2022\/03\/Salle-de-bain-Confort-double-1-768x512.webp 768w\" sizes=\"(max-width: 1024px) 100vw, 1024px\" \/>\t\t\t\t\t\t\t\t\t\t\t\t\t\t\t\t\t\t\t\t\t\t\t\t\t\t\t\t\t\t\t\t<div class=\"eae-grid-overlay fadeIn\">\n\t\t\t\t\t\t\t\t\t\t\t\t<div class=\"eae-grid-overlay-inner\">\n\t\t\t\t\t\t\t\t\t\t\t\t\t<div class=\"eae-icon-wrapper\">\n\t\t\t\t\t\t\t\t\t\t\t\t\t\t\t\t\t\t\t\t\t\t\t\t\t\t\t<\/div>\n\t\t\t\t\t\t\t\t\t\t\t\t\t\t\t\t\t\t\t\t\t\t\t\t\t<\/div>\n\t\t\t\t\t\t\t\t\t\t<\/div>\n\t\t\t\t\t\t\t\t\t\t\t\t\t\t\t\t\t\t\t<\/a>\n\t\t\t\t\t\t\t\t<\/div>\n\t\t\t\t\t\t\t<\/div>\n\t\t\t\t\t\t\t\t\t\t\t\t\t\t<div class=\"eae-gallery-item extrieur\">\n\t\t\t\t\t\t\t\t<div class=\"eae-gallery-item-inner\">\n\t\t\t\t\t\t\t\t\t<a href=\"https:\/\/www.hotel-rohan.com\/wp-content\/uploads\/2022\/03\/Hotel-Rohan-Strasbourg-4-etoiles-3.webp\" data-elementor-open-lightbox=\"yes\" data-elementor-lightbox-slideshow=\"eae-fg-gallery-59585\" data-elementor-lightbox-title=\"H\u00f4tel Rohan Strasbourg - 4 \u00e9toiles\" data-e-action-hash=\"#elementor-action%3Aaction%3Dlightbox%26settings%3DeyJpZCI6OTAyOSwidXJsIjoiaHR0cHM6XC9cL3d3dy5ob3RlbC1yb2hhbi5jb21cL3dwLWNvbnRlbnRcL3VwbG9hZHNcLzIwMjJcLzAzXC9Ib3RlbC1Sb2hhbi1TdHJhc2JvdXJnLTQtZXRvaWxlcy0zLndlYnAifQ%3D%3D\" data-elementor-lightbox-description=\"Espace salon lumineux et contemporain de l\u2019H\u00f4tel Rohan Strasbourg, avec banquette arrondie, assises confortables et vue sur l\u2019ext\u00e9rieur gr\u00e2ce aux grandes baies vitr\u00e9es.\">\n\t\t\t\t\t\t\t\t\t\t\t\t\t\t\t\t\t\t\t\t\t<img loading=\"lazy\" decoding=\"async\" width=\"1200\" height=\"801\" src=\"https:\/\/www.hotel-rohan.com\/wp-content\/uploads\/2022\/03\/Hotel-Rohan-Strasbourg-4-etoiles-3.webp\" class=\"attachment-full size-full\" alt=\"H\u00f4tel Rohan Strasbourg - 4 \u00e9toiles\" srcset=\"https:\/\/www.hotel-rohan.com\/wp-content\/uploads\/2022\/03\/Hotel-Rohan-Strasbourg-4-etoiles-3.webp 1200w, https:\/\/www.hotel-rohan.com\/wp-content\/uploads\/2022\/03\/Hotel-Rohan-Strasbourg-4-etoiles-3-300x200.webp 300w, https:\/\/www.hotel-rohan.com\/wp-content\/uploads\/2022\/03\/Hotel-Rohan-Strasbourg-4-etoiles-3-1024x684.webp 1024w, https:\/\/www.hotel-rohan.com\/wp-content\/uploads\/2022\/03\/Hotel-Rohan-Strasbourg-4-etoiles-3-768x513.webp 768w\" sizes=\"(max-width: 1200px) 100vw, 1200px\" \/>\t\t\t\t\t\t\t\t\t\t\t\t\t\t\t\t\t\t\t\t\t\t\t\t\t\t\t\t\t\t\t\t<div class=\"eae-grid-overlay fadeIn\">\n\t\t\t\t\t\t\t\t\t\t\t\t<div class=\"eae-grid-overlay-inner\">\n\t\t\t\t\t\t\t\t\t\t\t\t\t<div class=\"eae-icon-wrapper\">\n\t\t\t\t\t\t\t\t\t\t\t\t\t\t\t\t\t\t\t\t\t\t\t\t\t\t\t<\/div>\n\t\t\t\t\t\t\t\t\t\t\t\t\t\t\t\t\t\t\t\t\t\t\t\t\t<\/div>\n\t\t\t\t\t\t\t\t\t\t<\/div>\n\t\t\t\t\t\t\t\t\t\t\t\t\t\t\t\t\t\t\t<\/a>\n\t\t\t\t\t\t\t\t<\/div>\n\t\t\t\t\t\t\t<\/div>\n\t\t\t\t\t\t\t\t\t\t\t\t\t\t<div class=\"eae-gallery-item extrieur\">\n\t\t\t\t\t\t\t\t<div class=\"eae-gallery-item-inner\">\n\t\t\t\t\t\t\t\t\t<a href=\"https:\/\/www.hotel-rohan.com\/wp-content\/uploads\/2022\/03\/Hotel-Rohan-4-etoiles-Strasbourg-Centre-ville-4.webp\" data-elementor-open-lightbox=\"yes\" data-elementor-lightbox-slideshow=\"eae-fg-gallery-59585\" data-elementor-lightbox-title=\"H\u00f4tel Rohan 4 \u00e9toiles - Strasbourg Centre ville\" data-e-action-hash=\"#elementor-action%3Aaction%3Dlightbox%26settings%3DeyJpZCI6ODk2OCwidXJsIjoiaHR0cHM6XC9cL3d3dy5ob3RlbC1yb2hhbi5jb21cL3dwLWNvbnRlbnRcL3VwbG9hZHNcLzIwMjJcLzAzXC9Ib3RlbC1Sb2hhbi00LWV0b2lsZXMtU3RyYXNib3VyZy1DZW50cmUtdmlsbGUtNC53ZWJwIn0%3D\" data-elementor-lightbox-description=\"Espace salon lumineux et contemporain de l\u2019H\u00f4tel Rohan Strasbourg, avec banquette arrondie, assises confortables et vue sur l\u2019ext\u00e9rieur gr\u00e2ce aux grandes baies vitr\u00e9es.\">\n\t\t\t\t\t\t\t\t\t\t\t\t\t\t\t\t\t\t\t\t\t<img loading=\"lazy\" decoding=\"async\" width=\"1200\" height=\"799\" src=\"https:\/\/www.hotel-rohan.com\/wp-content\/uploads\/2022\/03\/Hotel-Rohan-4-etoiles-Strasbourg-Centre-ville-4.webp\" class=\"attachment-full size-full\" alt=\"H\u00f4tel Rohan 4 \u00e9toiles - Strasbourg Centre ville\" srcset=\"https:\/\/www.hotel-rohan.com\/wp-content\/uploads\/2022\/03\/Hotel-Rohan-4-etoiles-Strasbourg-Centre-ville-4.webp 1200w, https:\/\/www.hotel-rohan.com\/wp-content\/uploads\/2022\/03\/Hotel-Rohan-4-etoiles-Strasbourg-Centre-ville-4-300x200.webp 300w, https:\/\/www.hotel-rohan.com\/wp-content\/uploads\/2022\/03\/Hotel-Rohan-4-etoiles-Strasbourg-Centre-ville-4-1024x682.webp 1024w, https:\/\/www.hotel-rohan.com\/wp-content\/uploads\/2022\/03\/Hotel-Rohan-4-etoiles-Strasbourg-Centre-ville-4-768x511.webp 768w\" sizes=\"(max-width: 1200px) 100vw, 1200px\" \/>\t\t\t\t\t\t\t\t\t\t\t\t\t\t\t\t\t\t\t\t\t\t\t\t\t\t\t\t\t\t\t\t<div class=\"eae-grid-overlay fadeIn\">\n\t\t\t\t\t\t\t\t\t\t\t\t<div class=\"eae-grid-overlay-inner\">\n\t\t\t\t\t\t\t\t\t\t\t\t\t<div class=\"eae-icon-wrapper\">\n\t\t\t\t\t\t\t\t\t\t\t\t\t\t\t\t\t\t\t\t\t\t\t\t\t\t\t<\/div>\n\t\t\t\t\t\t\t\t\t\t\t\t\t\t\t\t\t\t\t\t\t\t\t\t\t<\/div>\n\t\t\t\t\t\t\t\t\t\t<\/div>\n\t\t\t\t\t\t\t\t\t\t\t\t\t\t\t\t\t\t\t<\/a>\n\t\t\t\t\t\t\t\t<\/div>\n\t\t\t\t\t\t\t<\/div>\n\t\t\t\t\t\t\t\t\t\t\t\t\t\t<div class=\"eae-gallery-item extrieur\">\n\t\t\t\t\t\t\t\t<div class=\"eae-gallery-item-inner\">\n\t\t\t\t\t\t\t\t\t<a href=\"https:\/\/www.hotel-rohan.com\/wp-content\/uploads\/2022\/03\/Hotel-Rohan-Strasbourg-5.webp\" data-elementor-open-lightbox=\"yes\" data-elementor-lightbox-slideshow=\"eae-fg-gallery-59585\" data-elementor-lightbox-title=\"H\u00f4tel Rohan Strasbourg - La Terrasse\" data-e-action-hash=\"#elementor-action%3Aaction%3Dlightbox%26settings%3DeyJpZCI6ODk3NSwidXJsIjoiaHR0cHM6XC9cL3d3dy5ob3RlbC1yb2hhbi5jb21cL3dwLWNvbnRlbnRcL3VwbG9hZHNcLzIwMjJcLzAzXC9Ib3RlbC1Sb2hhbi1TdHJhc2JvdXJnLTUud2VicCJ9\" data-elementor-lightbox-description=\"Espace salon lumineux et contemporain de l\u2019H\u00f4tel Rohan Strasbourg, avec banquette arrondie, assises confortables et vue sur l\u2019ext\u00e9rieur gr\u00e2ce aux grandes baies vitr\u00e9es.\">\n\t\t\t\t\t\t\t\t\t\t\t\t\t\t\t\t\t\t\t\t\t<img loading=\"lazy\" decoding=\"async\" width=\"1024\" height=\"683\" src=\"https:\/\/www.hotel-rohan.com\/wp-content\/uploads\/2022\/03\/Hotel-Rohan-Strasbourg-5.webp\" class=\"attachment-full size-full\" alt=\"H\u00f4tel Rohan Strasbourg - La Terrasse\" srcset=\"https:\/\/www.hotel-rohan.com\/wp-content\/uploads\/2022\/03\/Hotel-Rohan-Strasbourg-5.webp 1024w, https:\/\/www.hotel-rohan.com\/wp-content\/uploads\/2022\/03\/Hotel-Rohan-Strasbourg-5-300x200.webp 300w, https:\/\/www.hotel-rohan.com\/wp-content\/uploads\/2022\/03\/Hotel-Rohan-Strasbourg-5-768x512.webp 768w\" sizes=\"(max-width: 1024px) 100vw, 1024px\" \/>\t\t\t\t\t\t\t\t\t\t\t\t\t\t\t\t\t\t\t\t\t\t\t\t\t\t\t\t\t\t\t\t<div class=\"eae-grid-overlay fadeIn\">\n\t\t\t\t\t\t\t\t\t\t\t\t<div class=\"eae-grid-overlay-inner\">\n\t\t\t\t\t\t\t\t\t\t\t\t\t<div class=\"eae-icon-wrapper\">\n\t\t\t\t\t\t\t\t\t\t\t\t\t\t\t\t\t\t\t\t\t\t\t\t\t\t\t<\/div>\n\t\t\t\t\t\t\t\t\t\t\t\t\t\t\t\t\t\t\t\t\t\t\t\t\t<\/div>\n\t\t\t\t\t\t\t\t\t\t<\/div>\n\t\t\t\t\t\t\t\t\t\t\t\t\t\t\t\t\t\t\t<\/a>\n\t\t\t\t\t\t\t\t<\/div>\n\t\t\t\t\t\t\t<\/div>\n\t\t\t\t\t\t\t\t\t\t\t\t\t\t<div class=\"eae-gallery-item extrieur\">\n\t\t\t\t\t\t\t\t<div class=\"eae-gallery-item-inner\">\n\t\t\t\t\t\t\t\t\t<a href=\"https:\/\/www.hotel-rohan.com\/wp-content\/uploads\/2022\/03\/Hotel-Rohan-Strasbourg-4-etoiles-4.webp\" data-elementor-open-lightbox=\"yes\" data-elementor-lightbox-slideshow=\"eae-fg-gallery-59585\" data-elementor-lightbox-title=\"H\u00f4tel Rohan Strasbourg - Ext\u00e9rieur\" data-e-action-hash=\"#elementor-action%3Aaction%3Dlightbox%26settings%3DeyJpZCI6ODk4MSwidXJsIjoiaHR0cHM6XC9cL3d3dy5ob3RlbC1yb2hhbi5jb21cL3dwLWNvbnRlbnRcL3VwbG9hZHNcLzIwMjJcLzAzXC9Ib3RlbC1Sb2hhbi1TdHJhc2JvdXJnLTQtZXRvaWxlcy00LndlYnAifQ%3D%3D\" data-elementor-lightbox-description=\"Espace salon lumineux et contemporain de l\u2019H\u00f4tel Rohan Strasbourg, avec banquette arrondie, assises confortables et vue sur l\u2019ext\u00e9rieur gr\u00e2ce aux grandes baies vitr\u00e9es.\">\n\t\t\t\t\t\t\t\t\t\t\t\t\t\t\t\t\t\t\t\t\t<img loading=\"lazy\" decoding=\"async\" width=\"1200\" height=\"801\" src=\"https:\/\/www.hotel-rohan.com\/wp-content\/uploads\/2022\/03\/Hotel-Rohan-Strasbourg-4-etoiles-4.webp\" class=\"attachment-full size-full\" alt=\"H\u00f4tel Rohan Strasbourg - Ext\u00e9rieur\" srcset=\"https:\/\/www.hotel-rohan.com\/wp-content\/uploads\/2022\/03\/Hotel-Rohan-Strasbourg-4-etoiles-4.webp 1200w, https:\/\/www.hotel-rohan.com\/wp-content\/uploads\/2022\/03\/Hotel-Rohan-Strasbourg-4-etoiles-4-300x200.webp 300w, https:\/\/www.hotel-rohan.com\/wp-content\/uploads\/2022\/03\/Hotel-Rohan-Strasbourg-4-etoiles-4-1024x684.webp 1024w, https:\/\/www.hotel-rohan.com\/wp-content\/uploads\/2022\/03\/Hotel-Rohan-Strasbourg-4-etoiles-4-768x513.webp 768w\" sizes=\"(max-width: 1200px) 100vw, 1200px\" \/>\t\t\t\t\t\t\t\t\t\t\t\t\t\t\t\t\t\t\t\t\t\t\t\t\t\t\t\t\t\t\t\t<div class=\"eae-grid-overlay fadeIn\">\n\t\t\t\t\t\t\t\t\t\t\t\t<div class=\"eae-grid-overlay-inner\">\n\t\t\t\t\t\t\t\t\t\t\t\t\t<div class=\"eae-icon-wrapper\">\n\t\t\t\t\t\t\t\t\t\t\t\t\t\t\t\t\t\t\t\t\t\t\t\t\t\t\t<\/div>\n\t\t\t\t\t\t\t\t\t\t\t\t\t\t\t\t\t\t\t\t\t\t\t\t\t<\/div>\n\t\t\t\t\t\t\t\t\t\t<\/div>\n\t\t\t\t\t\t\t\t\t\t\t\t\t\t\t\t\t\t\t<\/a>\n\t\t\t\t\t\t\t\t<\/div>\n\t\t\t\t\t\t\t<\/div>\n\t\t\t\t\t\t\t\t\t\t\t\t\t\t<div class=\"eae-gallery-item petit-djeuner\">\n\t\t\t\t\t\t\t\t<div class=\"eae-gallery-item-inner\">\n\t\t\t\t\t\t\t\t\t<a href=\"https:\/\/www.hotel-rohan.com\/wp-content\/uploads\/2021\/11\/Petit-Dejeuner-Hotel-Rohan.jpg\" data-elementor-open-lightbox=\"yes\" data-elementor-lightbox-slideshow=\"eae-fg-gallery-59585\" data-elementor-lightbox-title=\"H\u00f4tel Rohan Strasbourg 4 \u00e9toiles - Petit D\u00e9jeuner\" data-e-action-hash=\"#elementor-action%3Aaction%3Dlightbox%26settings%3DeyJpZCI6ODg2MywidXJsIjoiaHR0cHM6XC9cL3d3dy5ob3RlbC1yb2hhbi5jb21cL3dwLWNvbnRlbnRcL3VwbG9hZHNcLzIwMjFcLzExXC9QZXRpdC1EZWpldW5lci1Ib3RlbC1Sb2hhbi5qcGcifQ%3D%3D\" data-elementor-lightbox-description=\"Espace salon lumineux et contemporain de l\u2019H\u00f4tel Rohan Strasbourg, avec banquette arrondie, assises confortables et vue sur l\u2019ext\u00e9rieur gr\u00e2ce aux grandes baies vitr\u00e9es.\">\n\t\t\t\t\t\t\t\t\t\t\t\t\t\t\t\t\t\t\t\t\t<img loading=\"lazy\" decoding=\"async\" width=\"1436\" height=\"959\" src=\"https:\/\/www.hotel-rohan.com\/wp-content\/uploads\/2021\/11\/Petit-Dejeuner-Hotel-Rohan.jpg\" class=\"attachment-full size-full\" alt=\"H\u00f4tel Rohan Strasbourg 4 \u00e9toiles - Petit D\u00e9jeuner\" srcset=\"https:\/\/www.hotel-rohan.com\/wp-content\/uploads\/2021\/11\/Petit-Dejeuner-Hotel-Rohan.jpg 1436w, https:\/\/www.hotel-rohan.com\/wp-content\/uploads\/2021\/11\/Petit-Dejeuner-Hotel-Rohan-300x200.jpg 300w, https:\/\/www.hotel-rohan.com\/wp-content\/uploads\/2021\/11\/Petit-Dejeuner-Hotel-Rohan-1024x684.jpg 1024w, https:\/\/www.hotel-rohan.com\/wp-content\/uploads\/2021\/11\/Petit-Dejeuner-Hotel-Rohan-768x513.jpg 768w\" sizes=\"(max-width: 1436px) 100vw, 1436px\" \/>\t\t\t\t\t\t\t\t\t\t\t\t\t\t\t\t\t\t\t\t\t\t\t\t\t\t\t\t\t\t\t\t<div class=\"eae-grid-overlay fadeIn\">\n\t\t\t\t\t\t\t\t\t\t\t\t<div class=\"eae-grid-overlay-inner\">\n\t\t\t\t\t\t\t\t\t\t\t\t\t<div class=\"eae-icon-wrapper\">\n\t\t\t\t\t\t\t\t\t\t\t\t\t\t\t\t\t\t\t\t\t\t\t\t\t\t\t<\/div>\n\t\t\t\t\t\t\t\t\t\t\t\t\t\t\t\t\t\t\t\t\t\t\t\t\t<\/div>\n\t\t\t\t\t\t\t\t\t\t<\/div>\n\t\t\t\t\t\t\t\t\t\t\t\t\t\t\t\t\t\t\t<\/a>\n\t\t\t\t\t\t\t\t<\/div>\n\t\t\t\t\t\t\t<\/div>\n\t\t\t\t\t\t\t\t\t\t\t\t\t\t<div class=\"eae-gallery-item petit-djeuner\">\n\t\t\t\t\t\t\t\t<div class=\"eae-gallery-item-inner\">\n\t\t\t\t\t\t\t\t\t<a href=\"https:\/\/www.hotel-rohan.com\/wp-content\/uploads\/hotel-rohan-strasbourg.webp\" data-elementor-open-lightbox=\"yes\" data-elementor-lightbox-slideshow=\"eae-fg-gallery-59585\" data-elementor-lightbox-title=\"Salon Lounge \u2013 H\u00f4tel Rohan Strasbourg\" data-e-action-hash=\"#elementor-action%3Aaction%3Dlightbox%26settings%3DeyJpZCI6MTM5MTQsInVybCI6Imh0dHBzOlwvXC93d3cuaG90ZWwtcm9oYW4uY29tXC93cC1jb250ZW50XC91cGxvYWRzXC9ob3RlbC1yb2hhbi1zdHJhc2JvdXJnLndlYnAifQ%3D%3D\" data-elementor-lightbox-description=\"Espace salon lumineux et contemporain de l\u2019H\u00f4tel Rohan Strasbourg, avec banquette arrondie, assises confortables et vue sur l\u2019ext\u00e9rieur gr\u00e2ce aux grandes baies vitr\u00e9es.\">\n\t\t\t\t\t\t\t\t\t\t\t\t\t\t\t\t\t\t\t\t\t<img loading=\"lazy\" decoding=\"async\" width=\"950\" height=\"633\" src=\"https:\/\/www.hotel-rohan.com\/wp-content\/uploads\/hotel-rohan-strasbourg.webp\" class=\"attachment-full size-full\" alt=\"Salon lounge moderne de l\u2019H\u00f4tel Rohan Strasbourg avec banquette verte et grandes baies vitr\u00e9es\" srcset=\"https:\/\/www.hotel-rohan.com\/wp-content\/uploads\/hotel-rohan-strasbourg.webp 950w, https:\/\/www.hotel-rohan.com\/wp-content\/uploads\/hotel-rohan-strasbourg-300x200.webp 300w, https:\/\/www.hotel-rohan.com\/wp-content\/uploads\/hotel-rohan-strasbourg-768x512.webp 768w\" sizes=\"(max-width: 950px) 100vw, 950px\" \/>\t\t\t\t\t\t\t\t\t\t\t\t\t\t\t\t\t\t\t\t\t\t\t\t\t\t\t\t\t\t\t\t<div class=\"eae-grid-overlay fadeIn\">\n\t\t\t\t\t\t\t\t\t\t\t\t<div class=\"eae-grid-overlay-inner\">\n\t\t\t\t\t\t\t\t\t\t\t\t\t<div class=\"eae-icon-wrapper\">\n\t\t\t\t\t\t\t\t\t\t\t\t\t\t\t\t\t\t\t\t\t\t\t\t\t\t\t<\/div>\n\t\t\t\t\t\t\t\t\t\t\t\t\t\t\t\t\t\t\t\t\t\t\t\t\t\t\t<div class=\"eae-overlay-caption\">Le salon lounge de l\u2019H\u00f4tel Rohan \u00e0 Strasbourg.<\/div>\n\t\t\t\t\t\t\t\t\t\t\t\t\t\t\t\t\t\t\t\t\t\t\t\t\t<\/div>\n\t\t\t\t\t\t\t\t\t\t<\/div>\n\t\t\t\t\t\t\t\t\t\t\t\t\t\t\t\t\t\t\t<\/a>\n\t\t\t\t\t\t\t\t<\/div>\n\t\t\t\t\t\t\t<\/div>\n\t\t\t\t\t\t\t\t\t\t\t\t\t\t<div class=\"eae-gallery-item petit-djeuner\">\n\t\t\t\t\t\t\t\t<div class=\"eae-gallery-item-inner\">\n\t\t\t\t\t\t\t\t\t<a href=\"https:\/\/www.hotel-rohan.com\/wp-content\/uploads\/2023\/05\/Hotel-Rohan-Hotel-centre-ville-de-Strasbourg.webp\" data-elementor-open-lightbox=\"yes\" data-elementor-lightbox-slideshow=\"eae-fg-gallery-59585\" data-elementor-lightbox-title=\"H\u00f4tel Rohan Strasbourg - H\u00f4tel au centre ville de Strasbourg\" data-e-action-hash=\"#elementor-action%3Aaction%3Dlightbox%26settings%3DeyJpZCI6MTA3MDYsInVybCI6Imh0dHBzOlwvXC93d3cuaG90ZWwtcm9oYW4uY29tXC93cC1jb250ZW50XC91cGxvYWRzXC8yMDIzXC8wNVwvSG90ZWwtUm9oYW4tSG90ZWwtY2VudHJlLXZpbGxlLWRlLVN0cmFzYm91cmcud2VicCJ9\" data-elementor-lightbox-description=\"Espace salon lumineux et contemporain de l\u2019H\u00f4tel Rohan Strasbourg, avec banquette arrondie, assises confortables et vue sur l\u2019ext\u00e9rieur gr\u00e2ce aux grandes baies vitr\u00e9es.\">\n\t\t\t\t\t\t\t\t\t\t\t\t\t\t\t\t\t\t\t\t\t<img loading=\"lazy\" decoding=\"async\" width=\"1028\" height=\"1142\" src=\"https:\/\/www.hotel-rohan.com\/wp-content\/uploads\/2023\/05\/Hotel-Rohan-Hotel-centre-ville-de-Strasbourg.webp\" class=\"attachment-full size-full\" alt=\"H\u00f4tel Rohan Strasbourg - H\u00f4tel au centre ville de Strasbourg\" srcset=\"https:\/\/www.hotel-rohan.com\/wp-content\/uploads\/2023\/05\/Hotel-Rohan-Hotel-centre-ville-de-Strasbourg.webp 1028w, https:\/\/www.hotel-rohan.com\/wp-content\/uploads\/2023\/05\/Hotel-Rohan-Hotel-centre-ville-de-Strasbourg-270x300.webp 270w, https:\/\/www.hotel-rohan.com\/wp-content\/uploads\/2023\/05\/Hotel-Rohan-Hotel-centre-ville-de-Strasbourg-922x1024.webp 922w, https:\/\/www.hotel-rohan.com\/wp-content\/uploads\/2023\/05\/Hotel-Rohan-Hotel-centre-ville-de-Strasbourg-768x853.webp 768w\" sizes=\"(max-width: 1028px) 100vw, 1028px\" \/>\t\t\t\t\t\t\t\t\t\t\t\t\t\t\t\t\t\t\t\t\t\t\t\t\t\t\t\t\t\t\t\t<div class=\"eae-grid-overlay fadeIn\">\n\t\t\t\t\t\t\t\t\t\t\t\t<div class=\"eae-grid-overlay-inner\">\n\t\t\t\t\t\t\t\t\t\t\t\t\t<div class=\"eae-icon-wrapper\">\n\t\t\t\t\t\t\t\t\t\t\t\t\t\t\t\t\t\t\t\t\t\t\t\t\t\t\t<\/div>\n\t\t\t\t\t\t\t\t\t\t\t\t\t\t\t\t\t\t\t\t\t\t\t\t\t<\/div>\n\t\t\t\t\t\t\t\t\t\t<\/div>\n\t\t\t\t\t\t\t\t\t\t\t\t\t\t\t\t\t\t\t<\/a>\n\t\t\t\t\t\t\t\t<\/div>\n\t\t\t\t\t\t\t<\/div>\n\t\t\t\t\t\t\t\t\t\t<\/div>\n\t\t<\/div>\n\t\t\t\t\t\t<\/div>\n\t\t\t\t<\/div>\n\t\t\t\t\t<\/div>\n\t\t<\/div>\n\t\t\t\t\t<\/div>\n\t\t<\/section>\n\t\t\t\t<\/div>\n\t\t","protected":false},"excerpt":{"rendered":"<p>Galerie H\u00f4tel Rohan Strasbourg, un h\u00f4tel design dans un cadre exceptionnel Laissez-vous s\u00e9duire par l&rsquo;\u00e9l\u00e9gance de l&rsquo;H\u00f4tel Rohan Strasbourg. Parcourez notre galerie photos et d\u00e9couvrez nos chambres raffin\u00e9es, notre salon-bar chaleureux, ainsi que nos espaces ext\u00e9rieurs au c\u0153ur de la ville. Toutes ChambresSalon-barExt\u00e9rieurPetit-d\u00e9jeuner Le salon lounge de l\u2019H\u00f4tel Rohan \u00e0 Strasbourg. Le salon lounge de [&hellip;]<\/p>\n","protected":false},"author":3,"featured_media":8950,"parent":0,"menu_order":30,"comment_status":"closed","ping_status":"closed","template":"","meta":{"_acf_changed":false,"footnotes":""},"class_list":["post-548","page","type-page","status-publish","has-post-thumbnail","hentry"],"acf":[],"_links":{"self":[{"href":"https:\/\/www.hotel-rohan.com\/fr\/wp-json\/wp\/v2\/pages\/548","targetHints":{"allow":["GET"]}}],"collection":[{"href":"https:\/\/www.hotel-rohan.com\/fr\/wp-json\/wp\/v2\/pages"}],"about":[{"href":"https:\/\/www.hotel-rohan.com\/fr\/wp-json\/wp\/v2\/types\/page"}],"author":[{"embeddable":true,"href":"https:\/\/www.hotel-rohan.com\/fr\/wp-json\/wp\/v2\/users\/3"}],"replies":[{"embeddable":true,"href":"https:\/\/www.hotel-rohan.com\/fr\/wp-json\/wp\/v2\/comments?post=548"}],"version-history":[{"count":18,"href":"https:\/\/www.hotel-rohan.com\/fr\/wp-json\/wp\/v2\/pages\/548\/revisions"}],"predecessor-version":[{"id":16072,"href":"https:\/\/www.hotel-rohan.com\/fr\/wp-json\/wp\/v2\/pages\/548\/revisions\/16072"}],"wp:featuredmedia":[{"embeddable":true,"href":"https:\/\/www.hotel-rohan.com\/fr\/wp-json\/wp\/v2\/media\/8950"}],"wp:attachment":[{"href":"https:\/\/www.hotel-rohan.com\/fr\/wp-json\/wp\/v2\/media?parent=548"}],"curies":[{"name":"wp","href":"https:\/\/api.w.org\/{rel}","templated":true}]}}